{"id":3320,"date":"2025-08-01T10:53:38","date_gmt":"2025-08-01T08:53:38","guid":{"rendered":"https:\/\/rivoli.ch\/?page_id=3320"},"modified":"2025-10-17T10:27:38","modified_gmt":"2025-10-17T08:27:38","slug":"crema-notte","status":"publish","type":"page","link":"https:\/\/rivoli.ch\/it\/crema-notte\/","title":{"rendered":"Crema notte"},"content":{"rendered":"<h1 class=\"wp-block-heading alignwide has-text-align-left page-category__title\"><strong>Crema notte<\/strong><\/h1>\n\n\n\n<div class=\"wp-block-media-text alignwide is-stacked-on-mobile\"><figure class=\"wp-block-media-text__media\" data-no-zoom=\"true\"><img loading=\"lazy\" decoding=\"async\" width=\"1024\" height=\"354\" src=\"https:\/\/rivoli.ch\/wp-content\/uploads\/2025\/07\/Creme-de-nuit-RIVOLI-2-1024x354.webp\" alt=\"cre\u0300me de nuit rivoli 2\" class=\"wp-image-3324 size-full\" srcset=\"https:\/\/rivoli.ch\/wp-content\/uploads\/2025\/07\/Creme-de-nuit-RIVOLI-2-1024x354.webp 1024w, https:\/\/rivoli.ch\/wp-content\/uploads\/2025\/07\/Creme-de-nuit-RIVOLI-2-300x104.webp 300w, https:\/\/rivoli.ch\/wp-content\/uploads\/2025\/07\/Creme-de-nuit-RIVOLI-2-768x266.webp 768w, https:\/\/rivoli.ch\/wp-content\/uploads\/2025\/07\/Creme-de-nuit-RIVOLI-2-18x6.webp 18w, https:\/\/rivoli.ch\/wp-content\/uploads\/2025\/07\/Creme-de-nuit-RIVOLI-2-600x208.webp 600w, https:\/\/rivoli.ch\/wp-content\/uploads\/2025\/07\/Creme-de-nuit-RIVOLI-2.jpg 1300w\" sizes=\"(max-width: 1024px) 100vw, 1024px\" \/><\/figure><div class=\"wp-block-media-text__content\">\n<p>Durante la notte la pelle entra in una fase di rigenerazione intensa. Le creme notte Rivoli accompagnano questo processo con formule ad alte prestazioni, arricchite con attivi e precursori intelligenti. Adattate a ogni necessit\u00e0, aiutano a ristabilire l\u2019equilibrio, attenuare i segni di stanchezza e preservare la luminosit\u00e0 naturale.<\/p>\n<\/div><\/div>\n\n\n\n<h2 class=\"wp-block-heading alignwide page-category__title\">Scopri le migliori creme notte Rivoli<\/h2>\n\n\n\n<div class=\"wp-block-columns alignwide is-layout-flex wp-container-core-columns-is-layout-3 wp-block-columns-is-layout-flex\">\n<div class=\"wp-block-column is-layout-flow wp-block-column-is-layout-flow\"><div data-block-name=\"woocommerce\/single-product\" data-product-id=\"1776\" class=\"wp-block-woocommerce-single-product\">\n<div class=\"wp-block-columns is-layout-flex wp-container-core-columns-is-layout-1 wp-block-columns-is-layout-flex\">\n<div class=\"wp-block-column is-layout-flow wp-block-column-is-layout-flow\"><div data-block-name=\"woocommerce\/product-image\" data-show-sale-badge=\"false\" data-is-descendent-of-single-product-block=\"true\" class=\"wc-block-components-product-image wc-block-grid__product-image\" style=\"\">\n\t\t\t\t\t<a href=\"https:\/\/rivoli.ch\/it\/prodotti\/le-visage-creme-de-nuit-jeunesse-n02\/\" style=\"\"> <img loading=\"lazy\" decoding=\"async\" width=\"600\" height=\"600\" src=\"https:\/\/rivoli.ch\/wp-content\/uploads\/2024\/08\/RIV_ECOM-IMAGES_1040X1040_CDNJ02_1-600x600.webp\" class=\"attachment-woocommerce_single size-woocommerce_single\" alt=\"Le Visage Cr\u00e8me de Nuit Jeunesse N\u00b002\" data-testid=\"product-image\" style=\"max-width:none;object-fit:cover;\" srcset=\"https:\/\/rivoli.ch\/wp-content\/uploads\/2024\/08\/RIV_ECOM-IMAGES_1040X1040_CDNJ02_1-600x600.webp 600w, https:\/\/rivoli.ch\/wp-content\/uploads\/2024\/08\/RIV_ECOM-IMAGES_1040X1040_CDNJ02_1-300x300.webp 300w, https:\/\/rivoli.ch\/wp-content\/uploads\/2024\/08\/RIV_ECOM-IMAGES_1040X1040_CDNJ02_1-1024x1024.webp 1024w, https:\/\/rivoli.ch\/wp-content\/uploads\/2024\/08\/RIV_ECOM-IMAGES_1040X1040_CDNJ02_1-150x150.webp 150w, https:\/\/rivoli.ch\/wp-content\/uploads\/2024\/08\/RIV_ECOM-IMAGES_1040X1040_CDNJ02_1-768x768.webp 768w, https:\/\/rivoli.ch\/wp-content\/uploads\/2024\/08\/RIV_ECOM-IMAGES_1040X1040_CDNJ02_1-12x12.webp 12w, https:\/\/rivoli.ch\/wp-content\/uploads\/2024\/08\/RIV_ECOM-IMAGES_1040X1040_CDNJ02_1.jpg 1040w\" sizes=\"(max-width: 600px) 100vw, 600px\" \/><\/a>\n\t\t\t\t<\/div>\n\n<h3 class=\"has-text-align-center wp-block-post-title\"><a href=\"https:\/\/rivoli.ch\/it\/prodotti\/le-visage-creme-de-nuit-jeunesse-n02\/\" target=\"_self\" >Le Visage Cr\u00e8me de Nuit Jeunesse N\u00b002<\/a><\/h3>\n\n<div data-block-name=\"woocommerce\/product-price\" data-text-align=\"center\" data-is-descendent-of-single-product-block=\"true\" class=\"wp-block-woocommerce-product-price\"><div class=\"wc-block-components-product-price wc-block-grid__product-price has-text-align-center has-text-align-center\" style=\"\">\n\t\t\t\t\t<span class=\"woocs_price_code\" data-currency=\"\" data-redraw-id=\"69f1863a9c6db\"  data-product-id=\"1776\">\u00e0 partir de <span class=\"woocommerce-Price-amount amount\"><bdi><span class=\"woocommerce-Price-currencySymbol\">&#67;&#72;&#70;<\/span>&nbsp;64.\u2013<\/bdi><\/span><\/span>\n\t\t\t\t<\/div><\/div><\/div>\n<\/div>\n<\/div><\/div>\n\n\n\n<div class=\"wp-block-column is-layout-flow wp-block-column-is-layout-flow\"><div data-block-name=\"woocommerce\/single-product\" data-product-id=\"304\" class=\"wp-block-woocommerce-single-product\">\n<div class=\"wp-block-columns is-layout-flex wp-container-core-columns-is-layout-2 wp-block-columns-is-layout-flex\">\n<div class=\"wp-block-column is-layout-flow wp-block-column-is-layout-flow\"><div data-block-name=\"woocommerce\/product-image\" data-show-sale-badge=\"false\" data-is-descendent-of-single-product-block=\"true\" class=\"wc-block-components-product-image wc-block-grid__product-image\" style=\"\">\n\t\t\t\t\t<a href=\"https:\/\/rivoli.ch\/it\/prodotti\/le-privilege-leau-de-nuit-n02-anti-age-et-regeneration\/\" style=\"\"> <img loading=\"lazy\" decoding=\"async\" width=\"600\" height=\"600\" src=\"https:\/\/rivoli.ch\/wp-content\/uploads\/2024\/04\/RIV_LEau-de-Nuit-pack-ECOM-IMAGES_1040X1040_WHITE__13-600x600.webp\" class=\"attachment-woocommerce_single size-woocommerce_single\" alt=\"Le Privil\u00e8ge L\u2019Eau de Nuit N\u00b002\" data-testid=\"product-image\" style=\"max-width:none;object-fit:cover;\" srcset=\"https:\/\/rivoli.ch\/wp-content\/uploads\/2024\/04\/RIV_LEau-de-Nuit-pack-ECOM-IMAGES_1040X1040_WHITE__13-600x600.webp 600w, https:\/\/rivoli.ch\/wp-content\/uploads\/2024\/04\/RIV_LEau-de-Nuit-pack-ECOM-IMAGES_1040X1040_WHITE__13-300x300.webp 300w, https:\/\/rivoli.ch\/wp-content\/uploads\/2024\/04\/RIV_LEau-de-Nuit-pack-ECOM-IMAGES_1040X1040_WHITE__13-1024x1024.webp 1024w, https:\/\/rivoli.ch\/wp-content\/uploads\/2024\/04\/RIV_LEau-de-Nuit-pack-ECOM-IMAGES_1040X1040_WHITE__13-150x150.webp 150w, https:\/\/rivoli.ch\/wp-content\/uploads\/2024\/04\/RIV_LEau-de-Nuit-pack-ECOM-IMAGES_1040X1040_WHITE__13-768x768.webp 768w, https:\/\/rivoli.ch\/wp-content\/uploads\/2024\/04\/RIV_LEau-de-Nuit-pack-ECOM-IMAGES_1040X1040_WHITE__13-12x12.webp 12w, https:\/\/rivoli.ch\/wp-content\/uploads\/2024\/04\/RIV_LEau-de-Nuit-pack-ECOM-IMAGES_1040X1040_WHITE__13.jpg 1040w\" sizes=\"(max-width: 600px) 100vw, 600px\" \/><\/a>\n\t\t\t\t<\/div>\n\n<h3 class=\"has-text-align-center wp-block-post-title\"><a href=\"https:\/\/rivoli.ch\/it\/prodotti\/le-privilege-leau-de-nuit-n02-anti-age-et-regeneration\/\" target=\"_self\" >Le Privil\u00e8ge L\u2019Eau de Nuit N\u00b002<\/a><\/h3>\n\n<div data-block-name=\"woocommerce\/product-price\" data-text-align=\"center\" data-is-descendent-of-single-product-block=\"true\" class=\"wp-block-woocommerce-product-price\"><div class=\"wc-block-components-product-price wc-block-grid__product-price has-text-align-center has-text-align-center\" style=\"\">\n\t\t\t\t\t<span class=\"woocs_price_code\" data-currency=\"\" data-redraw-id=\"69f1863aaf220\"  data-product-id=\"304\">\u00e0 partir de <span class=\"woocommerce-Price-amount amount\"><bdi><span class=\"woocommerce-Price-currencySymbol\">&#67;&#72;&#70;<\/span>&nbsp;85.\u2013<\/bdi><\/span><\/span>\n\t\t\t\t<\/div><\/div><\/div>\n<\/div>\n<\/div><\/div>\n\n\n\n<div class=\"wp-block-column is-layout-flow wp-block-column-is-layout-flow\"><\/div>\n\n\n\n<div class=\"wp-block-column is-layout-flow wp-block-column-is-layout-flow\"><\/div>\n<\/div>\n\n\n\n<h2 class=\"wp-block-heading alignwide has-text-align-left page-category__title\">Perch\u00e9 la notte \u00e8 il momento ideale per la cura della pelle?<\/h2>\n\n\n\n<div class=\"wp-block-columns alignwide page-category__col2 is-layout-flex wp-container-core-columns-is-layout-4 wp-block-columns-is-layout-flex\">\n<div class=\"wp-block-column is-layout-flow wp-block-column-is-layout-flow\">\n<p class=\"translation-block\">Durante il sonno la pelle raggiunge il picco di rigenerazione: il <strong>rinnovo cellulare<\/strong> accelera, la produzione di collagene aumenta, la circolazione si intensifica. La pelle diventa pi\u00f9 ricettiva ai trattamenti.<\/p>\n\n\n\n<p class=\"translation-block\">Una crema notte, con una formulazione specifica per questo momento, apporta i <strong>nutrienti essenziali<\/strong> e offre idratazione profonda, mentre attivi concentrati lavorano in sinergia con i naturali meccanismi di riparazione.<\/p>\n\n\n\n<p class=\"translation-block\">Ogni sera su pelle <strong>perfettamente detersa <\/strong>, con movimenti ascendenti dal basso verso l\u2019alto. Non dimenticare collo e d\u00e9collet\u00e9. Un massaggio leggero favorisce <strong>microcircolazione<\/strong> e assorbimento.<\/p>\n<\/div>\n<\/div>\n\n\n\n<h2 class=\"wp-block-heading alignwide page-category__title\">I segreti di una pelle riparata durante la notte<\/h2>\n\n\n\n<div class=\"wp-block-columns alignwide is-layout-flex wp-container-core-columns-is-layout-5 wp-block-columns-is-layout-flex\">\n<div class=\"wp-block-column is-layout-flow wp-block-column-is-layout-flow\">\n<p>La notte attiva sistemi di riparazione del DNA per correggere i danni causati da UV e inquinanti.<\/p>\n\n\n\n<p>Le creme notte, con texture ricche e attivi idratanti, accompagnano questa fase cruciale, nutrendo intensamente e rafforzando la barriera.<\/p>\n\n\n\n<p>\u00a0Notte dopo notte, questi trattamenti mirati supportano il naturale rinnovamento cellulare e rispondono alle esigenze essenziali della pelle. Le vitamine e gli antiossidanti che contengono agiscono in sinergia per attenuare i segni dell'invecchiamento e preparare la pelle ad affrontare una nuova giornata.<\/p>\n<\/div>\n<\/div>\n\n\n\n<h2 class=\"wp-block-heading alignwide page-category__title\">Scelta in base al tipo di pelle<\/h2>\n\n\n\n<div class=\"wp-block-columns alignwide is-layout-flex wp-container-core-columns-is-layout-6 wp-block-columns-is-layout-flex\">\n<div class=\"wp-block-column is-layout-flow wp-block-column-is-layout-flow\">\n<p class=\"translation-block\"><strong>Secca:<\/strong> formule ricche con acido ialuronico, burri e oli vegetali.<\/p>\n\n\n\n<p class=\"translation-block\">Mista\/grassa: texture leggere e non comedogene. Una <strong>routine adattata<\/strong> include regolatori come la niacinamide per bilanciare il sebo senza disidratare.<\/p>\n\n\n\n<p class=\"translation-block\">Per le pelli sensibili, optate per formule lenitive e senza profumo, arricchite con estratti di calendula o camomilla. Questi trattamenti specifici rafforzano la barriera cutanea e riducono le reazioni alle <strong>aggressioni esterne<\/strong> per un risveglio delicato.<\/p>\n\n\n\n<p class=\"translation-block\">Matura: a 45\u201350 anni diminuiscono collagene ed elastina; servono attivi ridensificanti e precursori di collagene. La routine notte combina l'acido ialuronico a precursori del collagene per stimolare la <strong>rigenerazione cutanea<\/strong> durante la notte<\/p>\n<\/div>\n<\/div>\n\n\n\n<h2 class=\"wp-block-heading alignwide page-category__title\">Expertise anti\u2011et\u00e0 della notte<\/h2>\n\n\n\n<div class=\"wp-block-columns alignwide is-layout-flex wp-container-core-columns-is-layout-7 wp-block-columns-is-layout-flex\">\n<div class=\"wp-block-column is-layout-flow wp-block-column-is-layout-flow\">\n<p>Durante il sonno la pelle attiva meccanismi di difesa contro l\u2019invecchiamento. Trattamenti con retinolo o peptidi stimolano collagene ed elastina, rafforzano la struttura cutanea e attenuano rughe e linee, sincronizzandosi con i ritmi biologici.<\/p>\n\n\n\n<p>\u00a0Le formule anti-et\u00e0 notturne incorporano potenti principi attivi come il retinolo o i peptidi, che agiscono in profondit\u00e0 nella pelle per combattere i segni dell'invecchiamento. Questi ingredienti, dosati alla perfezione, rafforzano la struttura della pelle e riducono visibilmente la comparsa di rughe e linee sottili.<\/p>\n\n\n\n<p class=\"translation-block\">\u00a0<strong>L'efficacia comprovata<\/strong>dei trattamenti anti-et\u00e0 per la notte risiede nella loro capacit\u00e0 di sincronizzare la propria azione con il ritmo biologico naturale della pelle. Questa sinergia ottimale aiuta a rallentare gli effetti dell'invecchiamento, preservando l'equilibrio cutaneo.<\/p>\n<\/div>\n<\/div>\n\n\n\n<h2 class=\"wp-block-heading alignwide page-category__title\">RIVOLI: innovazione svizzera<\/h2>\n\n\n\n<div class=\"wp-block-columns alignwide is-layout-flex wp-container-core-columns-is-layout-8 wp-block-columns-is-layout-flex\">\n<div class=\"wp-block-column is-layout-flow wp-block-column-is-layout-flow\">\n<p class=\"translation-block\">\u00a0Immergiti in un'esperienza sensoriale e rigenerante per la cura della pelle durante la notte con la nostra <a href=\"https:\/\/rivoli.ch\/it\/prodotti\/le-visage-creme-de-nuit-jeunesse-n02\/\" target=\"_self\">crema notte RIVOLI<\/a>, studiata per migliorare la tua pelle mentre dormi.<\/p>\n\n\n\n<p class=\"translation-block\">La nostra crema notte, arricchita con Lespedeza capitata, riattiva il metabolismo cellulare e attenua i segni di stanchezza. Il Sericoside (da Terminalia sericea) stimola la rigenerazione e migliora visibilmente compattezza ed elasticit\u00e0. La tecnologia ASPRivoli\u00ae, associata ad agenti umettanti, potenzia l\u2019idratazione duratura. La fragranza neurocosmetica rilassa i sensi e ottimizza l\u2019azione riparatrice.\nNotte dopo notte, la pelle appare rivitalizzata, distesa e visibilmente pi\u00f9 giovane.<\/p>\n\n\n\n<p>Infine, la fragranza DreamScentz\u2122, con le sue propriet\u00e0 neurocosmetiche \u2013 con delicate note di rosa, lampone e ylang-ylang \u2013 lenisce i sensi, migliora la qualit\u00e0 del sonno e ottimizza l'efficacia rigenerante dei prodotti per la cura della pelle. Notte dopo notte, la pelle \u00e8 rivitalizzata, riposata e visibilmente pi\u00f9 giovane.\u00a0<\/p>\n\n\n\n<p class=\"translation-block\">\u00a0Per un'efficacia ottimale, la Crema Notte pu\u00f2 essere abbinata ad altri prodotti RIVOLI, tra cui l'<a href=\"https:\/\/rivoli.ch\/it\/prodotti\/le-privilege-leau-de-nuit-n02-anti-age-et-regeneration\/\" target=\"_self\">L'Eau de Nuit<\/a>, la cui nebulizzazione fine prepara la pelle a ricevere i principi attivi, lenendo i sensi prima di coricarsi.<\/p>\n<\/div>\n<\/div>\n\n\n\n<figure data-no-zoom=\"true\" class=\"wp-block-image alignfull size-large\"><a href=\"https:\/\/rivoli.ch\/wp-content\/uploads\/2025\/07\/Creme-de-nuit-RIVOLI.jpg\"><img loading=\"lazy\" decoding=\"async\" width=\"1024\" height=\"354\" src=\"https:\/\/rivoli.ch\/wp-content\/uploads\/2025\/07\/Creme-de-nuit-RIVOLI-1024x354.webp\" alt=\"cre\u0300me de nuit rivoli\" class=\"wp-image-3325\" srcset=\"https:\/\/rivoli.ch\/wp-content\/uploads\/2025\/07\/Creme-de-nuit-RIVOLI-1024x354.webp 1024w, https:\/\/rivoli.ch\/wp-content\/uploads\/2025\/07\/Creme-de-nuit-RIVOLI-300x104.webp 300w, https:\/\/rivoli.ch\/wp-content\/uploads\/2025\/07\/Creme-de-nuit-RIVOLI-768x266.webp 768w, https:\/\/rivoli.ch\/wp-content\/uploads\/2025\/07\/Creme-de-nuit-RIVOLI-18x6.webp 18w, https:\/\/rivoli.ch\/wp-content\/uploads\/2025\/07\/Creme-de-nuit-RIVOLI-600x208.webp 600w, https:\/\/rivoli.ch\/wp-content\/uploads\/2025\/07\/Creme-de-nuit-RIVOLI.jpg 1300w\" sizes=\"(max-width: 1024px) 100vw, 1024px\" \/><\/a><\/figure>\n\n\n\n<div class=\"wp-block-columns alignwide is-layout-flex wp-container-core-columns-is-layout-9 wp-block-columns-is-layout-flex\">\n<div class=\"wp-block-column is-content-justification-center is-layout-constrained wp-block-column-is-layout-constrained\">\n<h2 class=\"wp-block-heading\">Tutto sulle creme notte<\/h2>\n\n\n<\/div>\n<\/div>","protected":false},"excerpt":{"rendered":"<p>Cr\u00e8me de nuit Pendant la nuit, la peau entre dans une phase de r\u00e9g\u00e9n\u00e9ration intense. Les cr\u00e8mes de nuit Rivoli Gen\u00e8ve accompagnent ce processus naturel gr\u00e2ce \u00e0 des formules hautement performantes, enrichies en actifs et pr\u00e9curseurs intelligents. Adapt\u00e9es \u00e0 chaque besoin cutan\u00e9, elles aident \u00e0 restaurer l&rsquo;\u00e9quilibre de la peau, att\u00e9nuer les signes de fatigue [&hellip;]<\/p>","protected":false},"author":11849,"featured_media":3324,"parent":0,"menu_order":0,"comment_status":"closed","ping_status":"closed","template":"","meta":{"_seopress_robots_primary_cat":"","_seopress_titles_title":"Cr\u00e8mes de nuit : bienfaits pour une peau r\u00e9g\u00e9n\u00e9r\u00e9e","_seopress_titles_desc":"Optimisez votre peau avec notre cr\u00e8me de nuit Rivoli pour une hydratation intense et un r\u00e9veil \u00e9clatant. D\u00e9couvrez nos soins nocturnes suisses.","_seopress_robots_index":"","footnotes":""},"acf":[],"_links":{"self":[{"href":"https:\/\/rivoli.ch\/it\/wp-json\/wp\/v2\/pages\/3320"}],"collection":[{"href":"https:\/\/rivoli.ch\/it\/wp-json\/wp\/v2\/pages"}],"about":[{"href":"https:\/\/rivoli.ch\/it\/wp-json\/wp\/v2\/types\/page"}],"author":[{"embeddable":true,"href":"https:\/\/rivoli.ch\/it\/wp-json\/wp\/v2\/users\/11849"}],"replies":[{"embeddable":true,"href":"https:\/\/rivoli.ch\/it\/wp-json\/wp\/v2\/comments?post=3320"}],"version-history":[{"count":6,"href":"https:\/\/rivoli.ch\/it\/wp-json\/wp\/v2\/pages\/3320\/revisions"}],"predecessor-version":[{"id":4019,"href":"https:\/\/rivoli.ch\/it\/wp-json\/wp\/v2\/pages\/3320\/revisions\/4019"}],"wp:featuredmedia":[{"embeddable":true,"href":"https:\/\/rivoli.ch\/it\/wp-json\/wp\/v2\/media\/3324"}],"wp:attachment":[{"href":"https:\/\/rivoli.ch\/it\/wp-json\/wp\/v2\/media?parent=3320"}],"curies":[{"name":"wp","href":"https:\/\/api.w.org\/{rel}","templated":true}]}}