{"id":3293,"date":"2025-08-01T15:03:30","date_gmt":"2025-08-01T13:03:30","guid":{"rendered":"https:\/\/rivoli.ch\/?page_id=3293"},"modified":"2026-01-29T16:56:08","modified_gmt":"2026-01-29T15:56:08","slug":"siero-viso","status":"publish","type":"page","link":"https:\/\/rivoli.ch\/it\/siero-viso\/","title":{"rendered":"Siero"},"content":{"rendered":"<h1 class=\"wp-block-heading alignwide has-text-align-left page-category__title\">Siero per luminosit\u00e0 e splendore<\/h1>\n\n\n\n<div class=\"wp-block-media-text alignwide is-stacked-on-mobile\"><figure class=\"wp-block-media-text__media\" data-no-zoom=\"true\"><img loading=\"lazy\" decoding=\"async\" width=\"1024\" height=\"354\" src=\"https:\/\/rivoli.ch\/wp-content\/uploads\/2025\/07\/Serum-RIVOLI-2-1024x354.webp\" alt=\"se\u0301rum rivoli 2\" class=\"wp-image-3298 size-full\" srcset=\"https:\/\/rivoli.ch\/wp-content\/uploads\/2025\/07\/Serum-RIVOLI-2-1024x354.webp 1024w, https:\/\/rivoli.ch\/wp-content\/uploads\/2025\/07\/Serum-RIVOLI-2-300x104.webp 300w, https:\/\/rivoli.ch\/wp-content\/uploads\/2025\/07\/Serum-RIVOLI-2-768x266.webp 768w, https:\/\/rivoli.ch\/wp-content\/uploads\/2025\/07\/Serum-RIVOLI-2-18x6.webp 18w, https:\/\/rivoli.ch\/wp-content\/uploads\/2025\/07\/Serum-RIVOLI-2-600x208.webp 600w, https:\/\/rivoli.ch\/wp-content\/uploads\/2025\/07\/Serum-RIVOLI-2.jpg 1300w\" sizes=\"(max-width: 1024px) 100vw, 1024px\" \/><\/figure><div class=\"wp-block-media-text__content\">\n<p>Per RIVOLI il siero \u2014 in emulsione o in versione liquida spray \u2014 \u00e8 l\u2019alleato vero della routine. Texture ultraleggera e alta concentrazione di attivi per risultati visibili e duraturi.<\/p>\n\n\n\n<p class=\"translation-block\">Our Swiss expertise in skincare allows us to offer you high-performance serums designed to meet your skin's specific needs. From the <strong>S\u00e9rum Lumi\u00e8re<\/strong> (Luminous Serum) to the <strong>S\u00e9rum Liftant \u00c9clat<\/strong> (Lifting Radiance Serum), including <strong>L\u2019Eau de Jour N\u00b002 and L\u2019Eau de Nuit N\u00b002<\/strong> \u2014these liquid, on-the-go serums\u2014discover exceptional formulas that combine cutting-edge technology and rigorously selected natural active ingredients\u00a0<\/p>\n<\/div><\/div>\n\n\n\n<h2 class=\"wp-block-heading alignwide page-category__title\">Scopri i migliori sieri Rivoli<\/h2>\n\n\n\n<div class=\"wp-block-columns alignwide is-layout-flex wp-container-core-columns-is-layout-5 wp-block-columns-is-layout-flex\">\n<div class=\"wp-block-column is-layout-flow wp-block-column-is-layout-flow\"><div data-block-name=\"woocommerce\/single-product\" data-product-id=\"438\" class=\"wp-block-woocommerce-single-product\">\n<div class=\"wp-block-columns is-layout-flex wp-container-core-columns-is-layout-4 wp-block-columns-is-layout-flex\">\n<div class=\"wp-block-column is-layout-flow wp-block-column-is-layout-flow\"><div data-block-name=\"woocommerce\/product-image\" data-show-sale-badge=\"false\" data-is-descendent-of-single-product-block=\"true\" class=\"wc-block-components-product-image wc-block-grid__product-image\" style=\"\">\n\t\t\t\t\t<a href=\"https:\/\/rivoli.ch\/it\/prodotti\/le-regard-serum-liftant-eclat-2-0\/\" style=\"\"> <img loading=\"lazy\" decoding=\"async\" width=\"600\" height=\"600\" src=\"https:\/\/rivoli.ch\/wp-content\/uploads\/2024\/04\/RIV_ECOM-IMAGES_1040X1040_WHITE_-600x600.webp\" class=\"attachment-woocommerce_single size-woocommerce_single\" alt=\"Le Regard S\u00e9rum Liftant \u00c9clat 2.0\" data-testid=\"product-image\" style=\"max-width:none;object-fit:cover;\" srcset=\"https:\/\/rivoli.ch\/wp-content\/uploads\/2024\/04\/RIV_ECOM-IMAGES_1040X1040_WHITE_-600x600.webp 600w, https:\/\/rivoli.ch\/wp-content\/uploads\/2024\/04\/RIV_ECOM-IMAGES_1040X1040_WHITE_-300x300.webp 300w, https:\/\/rivoli.ch\/wp-content\/uploads\/2024\/04\/RIV_ECOM-IMAGES_1040X1040_WHITE_-1024x1024.webp 1024w, https:\/\/rivoli.ch\/wp-content\/uploads\/2024\/04\/RIV_ECOM-IMAGES_1040X1040_WHITE_-150x150.webp 150w, https:\/\/rivoli.ch\/wp-content\/uploads\/2024\/04\/RIV_ECOM-IMAGES_1040X1040_WHITE_-768x768.webp 768w, https:\/\/rivoli.ch\/wp-content\/uploads\/2024\/04\/RIV_ECOM-IMAGES_1040X1040_WHITE_-12x12.webp 12w, https:\/\/rivoli.ch\/wp-content\/uploads\/2024\/04\/RIV_ECOM-IMAGES_1040X1040_WHITE_.jpg 1040w\" sizes=\"(max-width: 600px) 100vw, 600px\" \/><\/a>\n\t\t\t\t<\/div>\n\n<h3 class=\"has-text-align-center wp-block-post-title\"><a href=\"https:\/\/rivoli.ch\/it\/prodotti\/le-regard-serum-liftant-eclat-2-0\/\" target=\"_self\" >Le Regard S\u00e9rum Liftant \u00c9clat 2.0<\/a><\/h3>\n\n<div data-block-name=\"woocommerce\/product-price\" data-text-align=\"center\" data-is-descendent-of-single-product-block=\"true\" class=\"wp-block-woocommerce-product-price\"><div class=\"wc-block-components-product-price wc-block-grid__product-price has-text-align-center has-text-align-center\" style=\"\">\n\t\t\t\t\t<span class=\"woocs_price_code\" data-currency=\"\" data-redraw-id=\"69f293b11ae01\"  data-product-id=\"438\"><span class=\"woocommerce-Price-amount amount\"><bdi><span class=\"woocommerce-Price-currencySymbol\">&#67;&#72;&#70;<\/span>&nbsp;179.\u2013<\/bdi><\/span><\/span>\n\t\t\t\t<\/div><\/div><\/div>\n\n\n\n<div class=\"wp-block-column is-layout-flow wp-block-column-is-layout-flow\"><div data-block-name=\"woocommerce\/single-product\" data-product-id=\"384\" class=\"wp-block-woocommerce-single-product\">\n<div class=\"wp-block-columns is-layout-flex wp-container-core-columns-is-layout-1 wp-block-columns-is-layout-flex\">\n<div class=\"wp-block-column is-layout-flow wp-block-column-is-layout-flow\"><div data-block-name=\"woocommerce\/product-image\" data-show-sale-badge=\"false\" data-is-descendent-of-single-product-block=\"true\" class=\"wc-block-components-product-image wc-block-grid__product-image\" style=\"\">\n\t\t\t\t\t<a href=\"https:\/\/rivoli.ch\/it\/prodotti\/le-visage-serum-lumiere-n02\/\" style=\"\"> <img loading=\"lazy\" decoding=\"async\" width=\"600\" height=\"600\" src=\"https:\/\/rivoli.ch\/wp-content\/uploads\/2024\/04\/RIV_LV-Serum-lumiere-pack-ECOM-IMAGES_1040X1040_WHITE__-600x600.webp\" class=\"attachment-woocommerce_single size-woocommerce_single\" alt=\"Le Visage S\u00e9rum Lumi\u00e8re N\u00b002\" data-testid=\"product-image\" style=\"max-width:none;object-fit:cover;\" srcset=\"https:\/\/rivoli.ch\/wp-content\/uploads\/2024\/04\/RIV_LV-Serum-lumiere-pack-ECOM-IMAGES_1040X1040_WHITE__-600x600.webp 600w, https:\/\/rivoli.ch\/wp-content\/uploads\/2024\/04\/RIV_LV-Serum-lumiere-pack-ECOM-IMAGES_1040X1040_WHITE__-300x300.webp 300w, https:\/\/rivoli.ch\/wp-content\/uploads\/2024\/04\/RIV_LV-Serum-lumiere-pack-ECOM-IMAGES_1040X1040_WHITE__-1024x1024.webp 1024w, https:\/\/rivoli.ch\/wp-content\/uploads\/2024\/04\/RIV_LV-Serum-lumiere-pack-ECOM-IMAGES_1040X1040_WHITE__-150x150.webp 150w, https:\/\/rivoli.ch\/wp-content\/uploads\/2024\/04\/RIV_LV-Serum-lumiere-pack-ECOM-IMAGES_1040X1040_WHITE__-768x768.webp 768w, https:\/\/rivoli.ch\/wp-content\/uploads\/2024\/04\/RIV_LV-Serum-lumiere-pack-ECOM-IMAGES_1040X1040_WHITE__-12x12.webp 12w, https:\/\/rivoli.ch\/wp-content\/uploads\/2024\/04\/RIV_LV-Serum-lumiere-pack-ECOM-IMAGES_1040X1040_WHITE__.jpg 1040w\" sizes=\"(max-width: 600px) 100vw, 600px\" \/><\/a>\n\t\t\t\t<\/div>\n\n<h3 class=\"has-text-align-center wp-block-post-title\"><a href=\"https:\/\/rivoli.ch\/it\/prodotti\/le-visage-serum-lumiere-n02\/\" target=\"_self\" >Le Visage S\u00e9rum Lumi\u00e8re N\u00b002<\/a><\/h3>\n\n<div data-block-name=\"woocommerce\/product-price\" data-text-align=\"center\" data-is-descendent-of-single-product-block=\"true\" class=\"wp-block-woocommerce-product-price\"><div class=\"wc-block-components-product-price wc-block-grid__product-price has-text-align-center has-text-align-center\" style=\"\">\n\t\t\t\t\t<span class=\"woocs_price_code\" data-currency=\"\" data-redraw-id=\"69f293b12812a\"  data-product-id=\"384\">\u00e0 partir de <span class=\"woocommerce-Price-amount amount\"><bdi><span class=\"woocommerce-Price-currencySymbol\">&#67;&#72;&#70;<\/span>&nbsp;79.\u2013<\/bdi><\/span><\/span>\n\t\t\t\t<\/div><\/div><\/div>\n<\/div>\n<\/div><\/div>\n\n\n\n<div class=\"wp-block-column is-layout-flow wp-block-column-is-layout-flow\"><div data-block-name=\"woocommerce\/single-product\" data-product-id=\"322\" class=\"wp-block-woocommerce-single-product\">\n<div class=\"wp-block-columns is-layout-flex wp-container-core-columns-is-layout-2 wp-block-columns-is-layout-flex\">\n<div class=\"wp-block-column is-layout-flow wp-block-column-is-layout-flow\"><div data-block-name=\"woocommerce\/product-image\" data-show-sale-badge=\"false\" data-is-descendent-of-single-product-block=\"true\" class=\"wc-block-components-product-image wc-block-grid__product-image\" style=\"\">\n\t\t\t\t\t<a href=\"https:\/\/rivoli.ch\/it\/prodotti\/le-privilege-leau-de-jour-n02-anti-age-protection\/\" style=\"\"> <img loading=\"lazy\" decoding=\"async\" width=\"600\" height=\"600\" src=\"https:\/\/rivoli.ch\/wp-content\/uploads\/2024\/04\/RIV_LEau-de-Jour-N\u00b002-ECOM-IMAGES_1040X1040_WHITE__6-600x600.webp\" class=\"attachment-woocommerce_single size-woocommerce_single\" alt=\"Le Privil\u00e8ge L\u2019Eau de Jour N\u00b002\" data-testid=\"product-image\" style=\"max-width:none;object-fit:cover;\" srcset=\"https:\/\/rivoli.ch\/wp-content\/uploads\/2024\/04\/RIV_LEau-de-Jour-N\u00b002-ECOM-IMAGES_1040X1040_WHITE__6-600x600.webp 600w, https:\/\/rivoli.ch\/wp-content\/uploads\/2024\/04\/RIV_LEau-de-Jour-N\u00b002-ECOM-IMAGES_1040X1040_WHITE__6-300x300.webp 300w, https:\/\/rivoli.ch\/wp-content\/uploads\/2024\/04\/RIV_LEau-de-Jour-N\u00b002-ECOM-IMAGES_1040X1040_WHITE__6-1024x1024.webp 1024w, https:\/\/rivoli.ch\/wp-content\/uploads\/2024\/04\/RIV_LEau-de-Jour-N\u00b002-ECOM-IMAGES_1040X1040_WHITE__6-150x150.webp 150w, https:\/\/rivoli.ch\/wp-content\/uploads\/2024\/04\/RIV_LEau-de-Jour-N\u00b002-ECOM-IMAGES_1040X1040_WHITE__6-768x768.webp 768w, https:\/\/rivoli.ch\/wp-content\/uploads\/2024\/04\/RIV_LEau-de-Jour-N\u00b002-ECOM-IMAGES_1040X1040_WHITE__6-12x12.webp 12w, https:\/\/rivoli.ch\/wp-content\/uploads\/2024\/04\/RIV_LEau-de-Jour-N\u00b002-ECOM-IMAGES_1040X1040_WHITE__6.jpg 1040w\" sizes=\"(max-width: 600px) 100vw, 600px\" \/><\/a>\n\t\t\t\t<\/div>\n\n<h3 class=\"has-text-align-center wp-block-post-title\"><a href=\"https:\/\/rivoli.ch\/it\/prodotti\/le-privilege-leau-de-jour-n02-anti-age-protection\/\" target=\"_self\" >Le Privil\u00e8ge L\u2019Eau de Jour N\u00b002<\/a><\/h3>\n\n<div data-block-name=\"woocommerce\/product-price\" data-text-align=\"center\" data-is-descendent-of-single-product-block=\"true\" class=\"wp-block-woocommerce-product-price\"><div class=\"wc-block-components-product-price wc-block-grid__product-price has-text-align-center has-text-align-center\" style=\"\">\n\t\t\t\t\t<span class=\"woocs_price_code\" data-currency=\"\" data-redraw-id=\"69f293b130ee2\"  data-product-id=\"322\">\u00e0 partir de <span class=\"woocommerce-Price-amount amount\"><bdi><span class=\"woocommerce-Price-currencySymbol\">&#67;&#72;&#70;<\/span>&nbsp;89.\u2013<\/bdi><\/span><\/span>\n\t\t\t\t<\/div><\/div><\/div>\n<\/div>\n<\/div><\/div>\n\n\n\n<div class=\"wp-block-column is-layout-flow wp-block-column-is-layout-flow\"><div data-block-name=\"woocommerce\/single-product\" data-product-id=\"304\" class=\"wp-block-woocommerce-single-product\">\n<div class=\"wp-block-columns is-layout-flex wp-container-core-columns-is-layout-3 wp-block-columns-is-layout-flex\">\n<div class=\"wp-block-column is-layout-flow wp-block-column-is-layout-flow\"><div data-block-name=\"woocommerce\/product-image\" data-show-sale-badge=\"false\" data-is-descendent-of-single-product-block=\"true\" class=\"wc-block-components-product-image wc-block-grid__product-image\" style=\"\">\n\t\t\t\t\t<a href=\"https:\/\/rivoli.ch\/it\/prodotti\/le-privilege-leau-de-nuit-n02-anti-age-et-regeneration\/\" style=\"\"> <img loading=\"lazy\" decoding=\"async\" width=\"600\" height=\"600\" src=\"https:\/\/rivoli.ch\/wp-content\/uploads\/2024\/04\/RIV_LEau-de-Nuit-pack-ECOM-IMAGES_1040X1040_WHITE__13-600x600.webp\" class=\"attachment-woocommerce_single size-woocommerce_single\" alt=\"Le Privil\u00e8ge L\u2019Eau de Nuit N\u00b002\" data-testid=\"product-image\" style=\"max-width:none;object-fit:cover;\" srcset=\"https:\/\/rivoli.ch\/wp-content\/uploads\/2024\/04\/RIV_LEau-de-Nuit-pack-ECOM-IMAGES_1040X1040_WHITE__13-600x600.webp 600w, https:\/\/rivoli.ch\/wp-content\/uploads\/2024\/04\/RIV_LEau-de-Nuit-pack-ECOM-IMAGES_1040X1040_WHITE__13-300x300.webp 300w, https:\/\/rivoli.ch\/wp-content\/uploads\/2024\/04\/RIV_LEau-de-Nuit-pack-ECOM-IMAGES_1040X1040_WHITE__13-1024x1024.webp 1024w, https:\/\/rivoli.ch\/wp-content\/uploads\/2024\/04\/RIV_LEau-de-Nuit-pack-ECOM-IMAGES_1040X1040_WHITE__13-150x150.webp 150w, https:\/\/rivoli.ch\/wp-content\/uploads\/2024\/04\/RIV_LEau-de-Nuit-pack-ECOM-IMAGES_1040X1040_WHITE__13-768x768.webp 768w, https:\/\/rivoli.ch\/wp-content\/uploads\/2024\/04\/RIV_LEau-de-Nuit-pack-ECOM-IMAGES_1040X1040_WHITE__13-12x12.webp 12w, https:\/\/rivoli.ch\/wp-content\/uploads\/2024\/04\/RIV_LEau-de-Nuit-pack-ECOM-IMAGES_1040X1040_WHITE__13.jpg 1040w\" sizes=\"(max-width: 600px) 100vw, 600px\" \/><\/a>\n\t\t\t\t<\/div>\n\n<h3 class=\"has-text-align-center wp-block-post-title\"><a href=\"https:\/\/rivoli.ch\/it\/prodotti\/le-privilege-leau-de-nuit-n02-anti-age-et-regeneration\/\" target=\"_self\" >Le Privil\u00e8ge L\u2019Eau de Nuit N\u00b002<\/a><\/h3>\n\n<div data-block-name=\"woocommerce\/product-price\" data-text-align=\"center\" data-is-descendent-of-single-product-block=\"true\" class=\"wp-block-woocommerce-product-price\"><div class=\"wc-block-components-product-price wc-block-grid__product-price has-text-align-center has-text-align-center\" style=\"\">\n\t\t\t\t\t<span class=\"woocs_price_code\" data-currency=\"\" data-redraw-id=\"69f293b13830f\"  data-product-id=\"304\">\u00e0 partir de <span class=\"woocommerce-Price-amount amount\"><bdi><span class=\"woocommerce-Price-currencySymbol\">&#67;&#72;&#70;<\/span>&nbsp;85.\u2013<\/bdi><\/span><\/span>\n\t\t\t\t<\/div><\/div><\/div>\n<\/div>\n<\/div><\/div>\n<\/div>\n<\/div><\/div>\n<\/div>\n\n\n\n<h2 class=\"wp-block-heading alignwide has-text-align-left page-category__title\">Benefici<\/h2>\n\n\n\n<div class=\"wp-block-columns alignwide page-category__col2 is-layout-flex wp-container-core-columns-is-layout-6 wp-block-columns-is-layout-flex\">\n<div class=\"wp-block-column is-layout-flow wp-block-column-is-layout-flow\">\n<p class=\"translation-block\">\u2022 Attivi mirati ad alta concentrazione, penetrazione ottimale<br><br>\n\u2022 Stimola naturalmente il <a href=\"https:\/\/rivoli.ch\/it\/limportance-du-collagene\/\" target=\"_self\">collagene<\/a> e protegge dai radicali liberi<br><br>\n\u2022 Favorisce il rinnovamento e uniforma il tono<br><br><\/p>\n\n\n\n<p class=\"translation-block\">\u00a0\u2022 Effetto buona\u2011mina immediato<\/p>\n\n\n\n<p class=\"translation-block\">&nbsp;<\/p>\n<\/div>\n<\/div>\n\n\n\n<h2 class=\"wp-block-heading alignwide page-category__title\">Come scegliere il siero ideale per il tuo viso<\/h2>\n\n\n\n<div class=\"wp-block-columns alignwide is-layout-flex wp-container-core-columns-is-layout-7 wp-block-columns-is-layout-flex\">\n<div class=\"wp-block-column is-layout-flow wp-block-column-is-layout-flow\">\n<p class=\"translation-block\">Per i segni visibili dell'invecchiamento e il colorito non uniforme, <em>S\u00e9rum Lumi\u00e8re N\u00b002<\/em> offre una risposta completa con un'azione <strong>anti-et\u00e0 globale e un effetto uniformante immediato<\/strong>.<\/p>\n\n\n\n<p class=\"translation-block\">Per la pelle urbana e stressata che mostra invecchiamento visibile, mancanza di tonicit\u00e0 e disidratazione, L'Eau de Jour N\u00b002 offre molteplici benefici: anti-et\u00e0 (<em>-18,7% rughe<\/em>), idratazione (<em>+27%<\/em>), rassodamento (<em>+13,5%<\/em>) e protezione da inquinamento e luce blu.<\/p>\n\n\n\n<p>Di notte, L'Eau de Nuit N\u00b002 riattiva la rigenerazione e aiuta a limitare le rughe d'espressione. <\/p>\n\n\n\n<p>Le sue propriet\u00e0 filmogene e regolatrici dell'idratazione offrono un'idratazione del +28,3% dopo 12 ore, un fattore essenziale per una pelle sana.<\/p>\n\n\n\n<p class=\"translation-block\">Per un <strong>contorno occhi segnato da stanchezza o primi segni dell'et\u00e0<\/strong>, S\u00e9rum Liftant \u00c9clat 2.0 offre un trattamento mirato per questa zona fragile. I nostri due sieri esclusivi: risultati a colpo d'occhio<\/p>\n\n\n\n<p>\u00a0I nostri sieri completano perfettamente la tua beauty routine quotidiana. La loro texture leggera e non grassa, facile da applicare, consente un'applicazione mattina e sera per risultati ottimali.<\/p>\n<\/div>\n<\/div>\n\n\n\n<h2 class=\"wp-block-heading alignwide page-category__title\">I nostri due sieri esclusivi : risultati a colpo d'occhio<\/h2>\n\n\n\n<div class=\"wp-block-columns alignwide is-layout-flex wp-container-core-columns-is-layout-8 wp-block-columns-is-layout-flex\">\n<div class=\"wp-block-column is-layout-flow wp-block-column-is-layout-flow\">\n<p class=\"translation-block\">\u00a0Abbiamo sviluppato e <strong>due sieri d'eccezion<\/strong>, ffrutto della nostra competenza svizzera nella cosmetica di lusso. Queste formule altamente concentrate, ricche di principi attivi naturali, rappresentano il culmine della nostra ricerca avanzata per una cura del viso eco-responsabile e ad alte prestazioni. Ogni siero \u00e8 stato specificamente progettato per rispondere alle specifiche esigenze della pelle.<\/p>\n<\/div>\n<\/div>\n\n\n\n<div class=\"wp-block-columns alignwide is-layout-flex wp-container-core-columns-is-layout-9 wp-block-columns-is-layout-flex\">\n<div class=\"wp-block-column is-layout-flow wp-block-column-is-layout-flow\">\n<h3 class=\"wp-block-heading alignwide\"><strong><strong><strong><strong>Le Visage \u2014 S\u00e9rum Lumi\u00e8re N\u00b002: formula rivoluzionaria dai risultati comprovati<\/strong><\/strong><\/strong><\/strong><\/h3>\n\n\n\n<h4 class=\"wp-block-heading\"><strong>&nbsp;<\/strong><\/h4>\n\n\n\n<p class=\"translation-block\">RIVOLI\u2019s <em><a href=\"https:\/\/rivoli.ch\/it\/prodotti\/le-visage-serum-lumiere-n02\/\" target=\"_self\">S\u00e9rum Lumi\u00e8re N\u00b002<\/a><\/em> (Luminous Serum No. 02), winner of the Annabelle Beauty Award 2022, offers an optimized formulation. This anti-aging concentrate offers clinically proven results:\u00a0<\/p>\n\n\n\n<ul>\n<li>+29% di luminosit\u00e0 in soli 30 minuti.<\/li>\n\n\n\n<li>Riduce rossori e macchie scure nel 70% delle utilizzatrici dopo 28 giorni.<\/li>\n<\/ul>\n\n\n\n<h4 class=\"wp-block-heading\"><strong>Tripla azione sublimatrice:<\/strong><\/h4>\n\n\n\n<ul>\n<li class=\"translation-block\"><strong>Levigatura immediata :<\/strong> micro-lifting istantaneo, attenuazione delle rughe grazie all'estratto di sorgo ricco di saccarosio; attenuazione ottica tramite pigmenti perlescenti e microsfere funzionali.<\/li>\n\n\n\n<li class=\"translation-block\"><strong>Uniformazione del tono :<\/strong> riduzione di iperpigmentazione e rossori; efficacia antinfiammatoria grazie a un esclusivo principio attivo biotecnologico; attivazione dell'acido gallico da parte del microbiota cutaneo.<\/li>\n\n\n\n<li class=\"translation-block\"><strong>Rinforzo cutaneo :<\/strong> idratazione intensa ed elasticit\u00e0 grazie alla tecnologia ASPRivoli\u00ae.<\/li>\n<\/ul>\n<\/div>\n<\/div>\n\n\n\n<h2 class=\"wp-block-heading alignwide page-category__title\">Perch\u00e9 scegliere un siero Rivoli?<\/h2>\n\n\n\n<div class=\"wp-block-columns alignwide is-layout-flex wp-container-core-columns-is-layout-10 wp-block-columns-is-layout-flex\">\n<div class=\"wp-block-column is-layout-flow wp-block-column-is-layout-flow\">\n<ul>\n<li class=\"translation-block\"><strong>Formule vegane ed eco-responsabili<\/strong>, senza siliconi e senza mica.<\/li>\n\n\n\n<li class=\"translation-block\"><strong>Principi attivi naturali<\/strong> ad alte prestazioni.<\/li>\n\n\n\n<li class=\"translation-block\"><strong>Efficacia clinicamente<\/strong> testata da laboratori indipendenti.<\/li>\n\n\n\n<li class=\"translation-block\">Prodotto al <strong>100% in Svizzera<\/strong> in stabilimenti certificati ISO.<\/li>\n<\/ul>\n<\/div>\n<\/div>\n\n\n\n<figure data-no-zoom=\"true\" class=\"wp-block-image alignfull size-large\"><a href=\"https:\/\/rivoli.ch\/wp-content\/uploads\/2025\/07\/Serum-RIVOLI.jpg\"><img loading=\"lazy\" decoding=\"async\" width=\"1024\" height=\"354\" src=\"https:\/\/rivoli.ch\/wp-content\/uploads\/2025\/07\/Serum-RIVOLI-1024x354.webp\" alt=\"se\u0301rum rivoli\" class=\"wp-image-3299\" srcset=\"https:\/\/rivoli.ch\/wp-content\/uploads\/2025\/07\/Serum-RIVOLI-1024x354.webp 1024w, https:\/\/rivoli.ch\/wp-content\/uploads\/2025\/07\/Serum-RIVOLI-300x104.webp 300w, https:\/\/rivoli.ch\/wp-content\/uploads\/2025\/07\/Serum-RIVOLI-768x266.webp 768w, https:\/\/rivoli.ch\/wp-content\/uploads\/2025\/07\/Serum-RIVOLI-18x6.webp 18w, https:\/\/rivoli.ch\/wp-content\/uploads\/2025\/07\/Serum-RIVOLI-600x208.webp 600w, https:\/\/rivoli.ch\/wp-content\/uploads\/2025\/07\/Serum-RIVOLI.jpg 1300w\" sizes=\"(max-width: 1024px) 100vw, 1024px\" \/><\/a><\/figure>\n\n\n\n<div class=\"wp-block-columns alignwide is-layout-flex wp-container-core-columns-is-layout-11 wp-block-columns-is-layout-flex\">\n<div class=\"wp-block-column is-content-justification-center is-layout-constrained wp-block-column-is-layout-constrained\">\n<h2 class=\"wp-block-heading\">Tutto sui sieri viso<\/h2>\n\n\n<\/div>\n<\/div>","protected":false},"excerpt":{"rendered":"<p>S\u00e9rum pour un effet lumi\u00e8re et \u00e9clat Chez RIVOLI, le s\u00e9rum, v\u00e9ritable alli\u00e9 de votre routine beaut\u00e9, se d\u00e9cline en deux formes innovantes : en \u00e9mulsion ou sous forme liquide \u00e0 vaporiser. Gr\u00e2ce \u00e0 sa texture ultral\u00e9g\u00e8re et sa forte concentration en actifs, il p\u00e9n\u00e8tre rapidement les couches profondes de l\u2019\u00e9piderme, offrant des r\u00e9sultats visibles [&hellip;]<\/p>","protected":false},"author":11849,"featured_media":3298,"parent":0,"menu_order":0,"comment_status":"closed","ping_status":"closed","template":"","meta":{"_seopress_robots_primary_cat":"","_seopress_titles_title":"S\u00e9rum pour le visage : une peau \u00e9clatante et raffermie","_seopress_titles_desc":"Nos s\u00e9rums Rivoli Gen\u00e8ve : pour une peau \u00e9clatante et raffermie gr\u00e2ce \u00e0 des soins suisses \u00e9coresponsables.","_seopress_robots_index":"","footnotes":""},"acf":[],"_links":{"self":[{"href":"https:\/\/rivoli.ch\/it\/wp-json\/wp\/v2\/pages\/3293"}],"collection":[{"href":"https:\/\/rivoli.ch\/it\/wp-json\/wp\/v2\/pages"}],"about":[{"href":"https:\/\/rivoli.ch\/it\/wp-json\/wp\/v2\/types\/page"}],"author":[{"embeddable":true,"href":"https:\/\/rivoli.ch\/it\/wp-json\/wp\/v2\/users\/11849"}],"replies":[{"embeddable":true,"href":"https:\/\/rivoli.ch\/it\/wp-json\/wp\/v2\/comments?post=3293"}],"version-history":[{"count":12,"href":"https:\/\/rivoli.ch\/it\/wp-json\/wp\/v2\/pages\/3293\/revisions"}],"predecessor-version":[{"id":4254,"href":"https:\/\/rivoli.ch\/it\/wp-json\/wp\/v2\/pages\/3293\/revisions\/4254"}],"wp:featuredmedia":[{"embeddable":true,"href":"https:\/\/rivoli.ch\/it\/wp-json\/wp\/v2\/media\/3298"}],"wp:attachment":[{"href":"https:\/\/rivoli.ch\/it\/wp-json\/wp\/v2\/media?parent=3293"}],"curies":[{"name":"wp","href":"https:\/\/api.w.org\/{rel}","templated":true}]}}