{"id":3312,"date":"2025-08-01T10:33:12","date_gmt":"2025-08-01T08:33:12","guid":{"rendered":"https:\/\/rivoli.ch\/?page_id=3312"},"modified":"2026-01-30T10:06:57","modified_gmt":"2026-01-30T09:06:57","slug":"creme-de-jour","status":"publish","type":"page","link":"https:\/\/rivoli.ch\/fr\/creme-de-jour\/","title":{"rendered":"Cr\u00e8me de jour"},"content":{"rendered":"\n<h1 class=\"wp-block-heading alignwide has-text-align-left page-category__title\"><strong>Cr\u00e8me de jour<\/strong><\/h1>\n\n\n\n<div class=\"wp-block-media-text alignwide is-stacked-on-mobile\"><figure class=\"wp-block-media-text__media\" data-no-zoom=\"true\"><img loading=\"lazy\" decoding=\"async\" width=\"1024\" height=\"354\" src=\"https:\/\/rivoli.ch\/wp-content\/uploads\/2025\/07\/Creme-Le-privilege-RIVOLI-1024x354.webp\" alt=\"cre\u0300me le privile\u0300ge rivoli\" class=\"wp-image-3318 size-full\" srcset=\"https:\/\/rivoli.ch\/wp-content\/uploads\/2025\/07\/Creme-Le-privilege-RIVOLI-1024x354.webp 1024w, https:\/\/rivoli.ch\/wp-content\/uploads\/2025\/07\/Creme-Le-privilege-RIVOLI-300x104.webp 300w, https:\/\/rivoli.ch\/wp-content\/uploads\/2025\/07\/Creme-Le-privilege-RIVOLI-768x266.webp 768w, https:\/\/rivoli.ch\/wp-content\/uploads\/2025\/07\/Creme-Le-privilege-RIVOLI-18x6.webp 18w, https:\/\/rivoli.ch\/wp-content\/uploads\/2025\/07\/Creme-Le-privilege-RIVOLI-600x208.webp 600w, https:\/\/rivoli.ch\/wp-content\/uploads\/2025\/07\/Creme-Le-privilege-RIVOLI.jpg 1300w\" sizes=\"(max-width: 1024px) 100vw, 1024px\" \/><\/figure><div class=\"wp-block-media-text__content\">\n<p>La cr\u00e8me de jour repr\u00e9sente le geste beaut\u00e9 essentiel pour <strong>pr\u00e9server l&rsquo;\u00e9clat et la jeunesse de votre peau<\/strong>. V\u00e9ritable bouclier protecteur, elle apporte l&rsquo;hydratation n\u00e9cessaire tout en cr\u00e9ant une barri\u00e8re efficace contre les agressions quotidiennes : pollution, stress, variations de temp\u00e9rature. D\u00e9couvrez notre s\u00e9lection de cr\u00e8mes de jour, formul\u00e9es pour r\u00e9pondre aux besoins sp\u00e9cifiques de chaque type de peau.<\/p>\n<\/div><\/div>\n\n\n\n<h2 class=\"wp-block-heading alignwide page-category__title\">D\u00e9couvrez les meilleures cr\u00e8mes et soins de jour de la marque Rivoli Gen\u00e8ve<\/h2>\n\n\n\n<div class=\"wp-block-columns alignwide is-layout-flex wp-container-core-columns-is-layout-5 wp-block-columns-is-layout-flex\">\n<div class=\"wp-block-column is-layout-flow wp-block-column-is-layout-flow\"><div data-block-name=\"woocommerce\/single-product\" data-product-id=\"392\" class=\"wp-block-woocommerce-single-product\">\n<div class=\"wp-block-columns is-layout-flex wp-container-core-columns-is-layout-1 wp-block-columns-is-layout-flex\">\n<div class=\"wp-block-column is-layout-flow wp-block-column-is-layout-flow\"><div data-block-name=\"woocommerce\/product-image\" data-show-sale-badge=\"false\" data-is-descendent-of-single-product-block=\"true\" class=\"wc-block-components-product-image wc-block-grid__product-image \" style=\"\">\n\t\t\t\t\t<a href=\"https:\/\/rivoli.ch\/fr\/produits\/le-visage-creme-de-jour-jeunesse-n02\/\" style=\"\"> <img loading=\"lazy\" decoding=\"async\" width=\"600\" height=\"600\" src=\"https:\/\/rivoli.ch\/wp-content\/uploads\/2024\/04\/RIV_Lv-Creme-de-Jour-ECOM-IMAGES_1040X1040_WHITE_28-600x600.webp\" class=\"attachment-woocommerce_single size-woocommerce_single\" alt=\"Le Visage Cr\u00e8me de Jour Jeunesse N\u00b002\" data-testid=\"product-image\" style=\"max-width:none;object-fit:cover;\" srcset=\"https:\/\/rivoli.ch\/wp-content\/uploads\/2024\/04\/RIV_Lv-Creme-de-Jour-ECOM-IMAGES_1040X1040_WHITE_28-600x600.webp 600w, https:\/\/rivoli.ch\/wp-content\/uploads\/2024\/04\/RIV_Lv-Creme-de-Jour-ECOM-IMAGES_1040X1040_WHITE_28-300x300.webp 300w, https:\/\/rivoli.ch\/wp-content\/uploads\/2024\/04\/RIV_Lv-Creme-de-Jour-ECOM-IMAGES_1040X1040_WHITE_28-1024x1024.webp 1024w, https:\/\/rivoli.ch\/wp-content\/uploads\/2024\/04\/RIV_Lv-Creme-de-Jour-ECOM-IMAGES_1040X1040_WHITE_28-150x150.webp 150w, https:\/\/rivoli.ch\/wp-content\/uploads\/2024\/04\/RIV_Lv-Creme-de-Jour-ECOM-IMAGES_1040X1040_WHITE_28-768x768.webp 768w, https:\/\/rivoli.ch\/wp-content\/uploads\/2024\/04\/RIV_Lv-Creme-de-Jour-ECOM-IMAGES_1040X1040_WHITE_28-12x12.webp 12w, https:\/\/rivoli.ch\/wp-content\/uploads\/2024\/04\/RIV_Lv-Creme-de-Jour-ECOM-IMAGES_1040X1040_WHITE_28.jpg 1040w\" sizes=\"(max-width: 600px) 100vw, 600px\" \/><\/a>\n\t\t\t\t<\/div>\n\n<h3 class=\"has-text-align-center wp-block-post-title\"><a href=\"https:\/\/rivoli.ch\/fr\/produits\/le-visage-creme-de-jour-jeunesse-n02\/\" target=\"_self\" >Le Visage Cr\u00e8me de Jour Jeunesse N\u00b002<\/a><\/h3>\n\n<div data-block-name=\"woocommerce\/product-price\" data-text-align=\"center\" data-is-descendent-of-single-product-block=\"true\" class=\"wp-block-woocommerce-product-price\"><div class=\"wc-block-components-product-price wc-block-grid__product-price has-text-align-center has-text-align-center\" style=\"\">\n\t\t\t\t\t<span class=\"woocs_price_code\" data-currency=\"\" data-redraw-id=\"69f191e4d57ac\"  data-product-id=\"392\"><span class=\"woocommerce-Price-amount amount\"><bdi><span class=\"woocommerce-Price-currencySymbol\">&#67;&#72;&#70;<\/span>&nbsp;180.\u2013<\/bdi><\/span><\/span>\n\t\t\t\t<\/div><\/div><\/div>\n<\/div>\n<\/div><\/div>\n\n\n\n<div class=\"wp-block-column is-layout-flow wp-block-column-is-layout-flow\"><div data-block-name=\"woocommerce\/single-product\" data-product-id=\"353\" class=\"wp-block-woocommerce-single-product\">\n<div class=\"wp-block-columns is-layout-flex wp-container-core-columns-is-layout-2 wp-block-columns-is-layout-flex\">\n<div class=\"wp-block-column is-layout-flow wp-block-column-is-layout-flow\"><div data-block-name=\"woocommerce\/product-image\" data-show-sale-badge=\"false\" data-is-descendent-of-single-product-block=\"true\" class=\"wc-block-components-product-image wc-block-grid__product-image \" style=\"\">\n\t\t\t\t\t<a href=\"https:\/\/rivoli.ch\/fr\/produits\/le-privilege-la-creme\/\" style=\"\"> <img loading=\"lazy\" decoding=\"async\" width=\"600\" height=\"600\" src=\"https:\/\/rivoli.ch\/wp-content\/uploads\/2024\/04\/RIV_La-Creme-50ml-pack-ECOM-IMAGES_1040X1040_WHITE__21-600x600.webp\" class=\"attachment-woocommerce_single size-woocommerce_single\" alt=\"Le Privil\u00e8ge La Cr\u00e8me\" data-testid=\"product-image\" style=\"max-width:none;object-fit:cover;\" srcset=\"https:\/\/rivoli.ch\/wp-content\/uploads\/2024\/04\/RIV_La-Creme-50ml-pack-ECOM-IMAGES_1040X1040_WHITE__21-600x600.webp 600w, https:\/\/rivoli.ch\/wp-content\/uploads\/2024\/04\/RIV_La-Creme-50ml-pack-ECOM-IMAGES_1040X1040_WHITE__21-300x300.webp 300w, https:\/\/rivoli.ch\/wp-content\/uploads\/2024\/04\/RIV_La-Creme-50ml-pack-ECOM-IMAGES_1040X1040_WHITE__21-1024x1024.webp 1024w, https:\/\/rivoli.ch\/wp-content\/uploads\/2024\/04\/RIV_La-Creme-50ml-pack-ECOM-IMAGES_1040X1040_WHITE__21-150x150.webp 150w, https:\/\/rivoli.ch\/wp-content\/uploads\/2024\/04\/RIV_La-Creme-50ml-pack-ECOM-IMAGES_1040X1040_WHITE__21-768x768.webp 768w, https:\/\/rivoli.ch\/wp-content\/uploads\/2024\/04\/RIV_La-Creme-50ml-pack-ECOM-IMAGES_1040X1040_WHITE__21-12x12.webp 12w, https:\/\/rivoli.ch\/wp-content\/uploads\/2024\/04\/RIV_La-Creme-50ml-pack-ECOM-IMAGES_1040X1040_WHITE__21.jpg 1040w\" sizes=\"(max-width: 600px) 100vw, 600px\" \/><\/a>\n\t\t\t\t<\/div>\n\n<h3 class=\"has-text-align-center wp-block-post-title\"><a href=\"https:\/\/rivoli.ch\/fr\/produits\/le-privilege-la-creme\/\" target=\"_self\" >Le Privil\u00e8ge La Cr\u00e8me<\/a><\/h3>\n\n<div data-block-name=\"woocommerce\/product-price\" data-text-align=\"center\" data-is-descendent-of-single-product-block=\"true\" class=\"wp-block-woocommerce-product-price\"><div class=\"wc-block-components-product-price wc-block-grid__product-price has-text-align-center has-text-align-center\" style=\"\">\n\t\t\t\t\t<span class=\"woocs_price_code\" data-currency=\"\" data-redraw-id=\"69f191e4df2e5\"  data-product-id=\"353\"><span class=\"woocommerce-Price-amount amount\"><bdi><span class=\"woocommerce-Price-currencySymbol\">&#67;&#72;&#70;<\/span>&nbsp;375.\u2013<\/bdi><\/span><\/span>\n\t\t\t\t<\/div><\/div><\/div>\n<\/div>\n<\/div><\/div>\n\n\n\n<div class=\"wp-block-column is-layout-flow wp-block-column-is-layout-flow\"><div data-block-name=\"woocommerce\/single-product\" data-product-id=\"444\" class=\"wp-block-woocommerce-single-product\">\n<div class=\"wp-block-columns is-layout-flex wp-container-core-columns-is-layout-3 wp-block-columns-is-layout-flex\">\n<div class=\"wp-block-column is-layout-flow wp-block-column-is-layout-flow\"><div data-block-name=\"woocommerce\/product-image\" data-show-sale-badge=\"false\" data-is-descendent-of-single-product-block=\"true\" class=\"wc-block-components-product-image wc-block-grid__product-image \" style=\"\">\n\t\t\t\t\t<a href=\"https:\/\/rivoli.ch\/fr\/?post_type=product&#038;p=444\" style=\"\"> <img loading=\"lazy\" decoding=\"async\" width=\"600\" height=\"600\" src=\"https:\/\/rivoli.ch\/wp-content\/uploads\/2024\/04\/RIV_Le-Decollete-ECOM-IMAGES_1040X1040_WHITE_8-600x600.webp\" class=\"attachment-woocommerce_single size-woocommerce_single\" alt=\"Le D\u00e9collet\u00e9 Lissant &amp; Raffermissant N\u00b002\" data-testid=\"product-image\" style=\"max-width:none;object-fit:cover;\" srcset=\"https:\/\/rivoli.ch\/wp-content\/uploads\/2024\/04\/RIV_Le-Decollete-ECOM-IMAGES_1040X1040_WHITE_8-600x600.webp 600w, https:\/\/rivoli.ch\/wp-content\/uploads\/2024\/04\/RIV_Le-Decollete-ECOM-IMAGES_1040X1040_WHITE_8-300x300.webp 300w, https:\/\/rivoli.ch\/wp-content\/uploads\/2024\/04\/RIV_Le-Decollete-ECOM-IMAGES_1040X1040_WHITE_8-1024x1024.webp 1024w, https:\/\/rivoli.ch\/wp-content\/uploads\/2024\/04\/RIV_Le-Decollete-ECOM-IMAGES_1040X1040_WHITE_8-150x150.webp 150w, https:\/\/rivoli.ch\/wp-content\/uploads\/2024\/04\/RIV_Le-Decollete-ECOM-IMAGES_1040X1040_WHITE_8-768x768.webp 768w, https:\/\/rivoli.ch\/wp-content\/uploads\/2024\/04\/RIV_Le-Decollete-ECOM-IMAGES_1040X1040_WHITE_8-12x12.webp 12w, https:\/\/rivoli.ch\/wp-content\/uploads\/2024\/04\/RIV_Le-Decollete-ECOM-IMAGES_1040X1040_WHITE_8.jpg 1040w\" sizes=\"(max-width: 600px) 100vw, 600px\" \/><\/a>\n\t\t\t\t<\/div>\n\n<h3 class=\"has-text-align-center wp-block-post-title\"><a href=\"https:\/\/rivoli.ch\/fr\/?post_type=product&#038;p=444\" target=\"_self\" >Le D\u00e9collet\u00e9 Lissant &#038; Raffermissant N\u00b002<\/a><\/h3>\n\n<div data-block-name=\"woocommerce\/product-price\" data-text-align=\"center\" data-is-descendent-of-single-product-block=\"true\" class=\"wp-block-woocommerce-product-price\"><div class=\"wc-block-components-product-price wc-block-grid__product-price has-text-align-center has-text-align-center\" style=\"\">\n\t\t\t\t\t<span class=\"woocs_price_code\" data-currency=\"\" data-redraw-id=\"69f191e4e732e\"  data-product-id=\"444\"><span class=\"woocommerce-Price-amount amount\"><bdi><span class=\"woocommerce-Price-currencySymbol\">&#67;&#72;&#70;<\/span>&nbsp;185.\u2013<\/bdi><\/span><\/span>\n\t\t\t\t<\/div><\/div><\/div>\n<\/div>\n<\/div><\/div>\n\n\n\n<div class=\"wp-block-column is-layout-flow wp-block-column-is-layout-flow\"><div data-block-name=\"woocommerce\/single-product\" data-product-id=\"432\" class=\"wp-block-woocommerce-single-product\">\n<div class=\"wp-block-columns is-layout-flex wp-container-core-columns-is-layout-4 wp-block-columns-is-layout-flex\">\n<div class=\"wp-block-column is-layout-flow wp-block-column-is-layout-flow\"><div data-block-name=\"woocommerce\/product-image\" data-show-sale-badge=\"false\" data-is-descendent-of-single-product-block=\"true\" class=\"wc-block-components-product-image wc-block-grid__product-image \" style=\"\">\n\t\t\t\t\t<a href=\"https:\/\/rivoli.ch\/fr\/produits\/le-regard-2-0-traitement-ultra-correctif\/\" style=\"\"> <img loading=\"lazy\" decoding=\"async\" width=\"600\" height=\"600\" src=\"https:\/\/rivoli.ch\/wp-content\/uploads\/2024\/04\/RIV_LR-Traitement-t-bottle-ECOM-IMAGES_1040X1040_WHITE_3-600x600.webp\" class=\"attachment-woocommerce_single size-woocommerce_single\" alt=\"Le Regard 2.0 Traitement Ultra Correctif\" data-testid=\"product-image\" style=\"max-width:none;object-fit:cover;\" srcset=\"https:\/\/rivoli.ch\/wp-content\/uploads\/2024\/04\/RIV_LR-Traitement-t-bottle-ECOM-IMAGES_1040X1040_WHITE_3-600x600.webp 600w, https:\/\/rivoli.ch\/wp-content\/uploads\/2024\/04\/RIV_LR-Traitement-t-bottle-ECOM-IMAGES_1040X1040_WHITE_3-300x300.webp 300w, https:\/\/rivoli.ch\/wp-content\/uploads\/2024\/04\/RIV_LR-Traitement-t-bottle-ECOM-IMAGES_1040X1040_WHITE_3-1024x1024.webp 1024w, https:\/\/rivoli.ch\/wp-content\/uploads\/2024\/04\/RIV_LR-Traitement-t-bottle-ECOM-IMAGES_1040X1040_WHITE_3-150x150.webp 150w, https:\/\/rivoli.ch\/wp-content\/uploads\/2024\/04\/RIV_LR-Traitement-t-bottle-ECOM-IMAGES_1040X1040_WHITE_3-768x768.webp 768w, https:\/\/rivoli.ch\/wp-content\/uploads\/2024\/04\/RIV_LR-Traitement-t-bottle-ECOM-IMAGES_1040X1040_WHITE_3-12x12.webp 12w, https:\/\/rivoli.ch\/wp-content\/uploads\/2024\/04\/RIV_LR-Traitement-t-bottle-ECOM-IMAGES_1040X1040_WHITE_3.jpg 1040w\" sizes=\"(max-width: 600px) 100vw, 600px\" \/><\/a>\n\t\t\t\t<\/div>\n\n<h3 class=\"has-text-align-center wp-block-post-title\"><a href=\"https:\/\/rivoli.ch\/fr\/produits\/le-regard-2-0-traitement-ultra-correctif\/\" target=\"_self\" >Le Regard 2.0 Traitement Ultra Correctif<\/a><\/h3>\n\n<div data-block-name=\"woocommerce\/product-price\" data-text-align=\"center\" data-is-descendent-of-single-product-block=\"true\" class=\"wp-block-woocommerce-product-price\"><div class=\"wc-block-components-product-price wc-block-grid__product-price has-text-align-center has-text-align-center\" style=\"\">\n\t\t\t\t\t<span class=\"woocs_price_code\" data-currency=\"\" data-redraw-id=\"69f191e4f08a6\"  data-product-id=\"432\"><span class=\"woocommerce-Price-amount amount\"><bdi><span class=\"woocommerce-Price-currencySymbol\">&#67;&#72;&#70;<\/span>&nbsp;179.\u2013<\/bdi><\/span><\/span>\n\t\t\t\t<\/div><\/div><\/div>\n<\/div>\n<\/div><\/div>\n<\/div>\n\n\n\n<div class=\"wp-block-columns alignwide is-layout-flex wp-container-core-columns-is-layout-10 wp-block-columns-is-layout-flex\">\n<div class=\"wp-block-column is-layout-flow wp-block-column-is-layout-flow\"><div data-block-name=\"woocommerce\/single-product\" data-product-id=\"444\" class=\"wp-block-woocommerce-single-product\">\n<div class=\"wp-block-columns is-layout-flex wp-container-core-columns-is-layout-7 wp-block-columns-is-layout-flex\">\n<div class=\"wp-block-column is-layout-flow wp-block-column-is-layout-flow\"><div data-block-name=\"woocommerce\/single-product\" data-product-id=\"361\" class=\"wp-block-woocommerce-single-product\">\n<div class=\"wp-block-columns is-layout-flex wp-container-core-columns-is-layout-6 wp-block-columns-is-layout-flex\">\n<div class=\"wp-block-column is-layout-flow wp-block-column-is-layout-flow\"><div data-block-name=\"woocommerce\/product-image\" data-show-sale-badge=\"false\" data-is-descendent-of-single-product-block=\"true\" class=\"wc-block-components-product-image wc-block-grid__product-image \" style=\"\">\n\t\t\t\t\t<a href=\"https:\/\/rivoli.ch\/fr\/?post_type=product&#038;p=361\" style=\"\"> <img loading=\"lazy\" decoding=\"async\" width=\"600\" height=\"600\" src=\"https:\/\/rivoli.ch\/wp-content\/uploads\/2024\/04\/RIV_ECOM-IMAGES_1040X1040_EMU_1-1-600x600.webp\" class=\"attachment-woocommerce_single size-woocommerce_single\" alt=\"Le Visage \u00c9mulsion R\u00e9-\u00e9quilibrante\" data-testid=\"product-image\" style=\"max-width:none;object-fit:cover;\" srcset=\"https:\/\/rivoli.ch\/wp-content\/uploads\/2024\/04\/RIV_ECOM-IMAGES_1040X1040_EMU_1-1-600x600.webp 600w, https:\/\/rivoli.ch\/wp-content\/uploads\/2024\/04\/RIV_ECOM-IMAGES_1040X1040_EMU_1-1-300x300.webp 300w, https:\/\/rivoli.ch\/wp-content\/uploads\/2024\/04\/RIV_ECOM-IMAGES_1040X1040_EMU_1-1-1024x1024.webp 1024w, https:\/\/rivoli.ch\/wp-content\/uploads\/2024\/04\/RIV_ECOM-IMAGES_1040X1040_EMU_1-1-150x150.webp 150w, https:\/\/rivoli.ch\/wp-content\/uploads\/2024\/04\/RIV_ECOM-IMAGES_1040X1040_EMU_1-1-768x768.webp 768w, https:\/\/rivoli.ch\/wp-content\/uploads\/2024\/04\/RIV_ECOM-IMAGES_1040X1040_EMU_1-1-12x12.webp 12w, https:\/\/rivoli.ch\/wp-content\/uploads\/2024\/04\/RIV_ECOM-IMAGES_1040X1040_EMU_1-1.jpg 1040w\" sizes=\"(max-width: 600px) 100vw, 600px\" \/><\/a>\n\t\t\t\t<\/div>\n\n<h3 class=\"has-text-align-center wp-block-post-title\"><a href=\"https:\/\/rivoli.ch\/fr\/?post_type=product&#038;p=361\" target=\"_self\" >Le Visage \u00c9mulsion R\u00e9-\u00e9quilibrante<\/a><\/h3>\n\n<div data-block-name=\"woocommerce\/product-price\" data-text-align=\"center\" data-is-descendent-of-single-product-block=\"true\" class=\"wp-block-woocommerce-product-price\"><div class=\"wc-block-components-product-price wc-block-grid__product-price has-text-align-center has-text-align-center\" style=\"\">\n\t\t\t\t\t<span class=\"woocs_price_code\" data-currency=\"\" data-redraw-id=\"69f191e503e77\"  data-product-id=\"361\"><span class=\"woocommerce-Price-amount amount\"><bdi><span class=\"woocommerce-Price-currencySymbol\">&#67;&#72;&#70;<\/span>&nbsp;125.\u2013<\/bdi><\/span><\/span>\n\t\t\t\t<\/div><\/div><\/div>\n<\/div>\n<\/div><\/div>\n<\/div>\n<\/div><\/div>\n\n\n\n<div class=\"wp-block-column is-layout-flow wp-block-column-is-layout-flow\"><div data-block-name=\"woocommerce\/single-product\" data-product-id=\"392\" class=\"wp-block-woocommerce-single-product\">\n<div class=\"wp-block-columns is-layout-flex wp-container-core-columns-is-layout-9 wp-block-columns-is-layout-flex\">\n<div class=\"wp-block-column is-layout-flow wp-block-column-is-layout-flow\"><div data-block-name=\"woocommerce\/single-product\" data-product-id=\"343\" class=\"wp-block-woocommerce-single-product\">\n<div class=\"wp-block-columns is-layout-flex wp-container-core-columns-is-layout-8 wp-block-columns-is-layout-flex\">\n<div class=\"wp-block-column is-layout-flow wp-block-column-is-layout-flow\"><div data-block-name=\"woocommerce\/product-image\" data-show-sale-badge=\"false\" data-is-descendent-of-single-product-block=\"true\" class=\"wc-block-components-product-image wc-block-grid__product-image \" style=\"\">\n\t\t\t\t\t<a href=\"https:\/\/rivoli.ch\/fr\/?post_type=product&#038;p=343\" style=\"\"> <img loading=\"lazy\" decoding=\"async\" width=\"600\" height=\"600\" src=\"https:\/\/rivoli.ch\/wp-content\/uploads\/2024\/04\/RIV_Base-pack-50mlECOM-IMAGES_1040X1040_WHITE__25-1-600x600.webp\" class=\"attachment-woocommerce_single size-woocommerce_single\" alt=\"LePrivil\u00e8ge BaseTraitant\" data-testid=\"product-image\" style=\"max-width:none;object-fit:cover;\" srcset=\"https:\/\/rivoli.ch\/wp-content\/uploads\/2024\/04\/RIV_Base-pack-50mlECOM-IMAGES_1040X1040_WHITE__25-1-600x600.webp 600w, https:\/\/rivoli.ch\/wp-content\/uploads\/2024\/04\/RIV_Base-pack-50mlECOM-IMAGES_1040X1040_WHITE__25-1-300x300.webp 300w, https:\/\/rivoli.ch\/wp-content\/uploads\/2024\/04\/RIV_Base-pack-50mlECOM-IMAGES_1040X1040_WHITE__25-1-1024x1024.webp 1024w, https:\/\/rivoli.ch\/wp-content\/uploads\/2024\/04\/RIV_Base-pack-50mlECOM-IMAGES_1040X1040_WHITE__25-1-150x150.webp 150w, https:\/\/rivoli.ch\/wp-content\/uploads\/2024\/04\/RIV_Base-pack-50mlECOM-IMAGES_1040X1040_WHITE__25-1-768x768.webp 768w, https:\/\/rivoli.ch\/wp-content\/uploads\/2024\/04\/RIV_Base-pack-50mlECOM-IMAGES_1040X1040_WHITE__25-1-12x12.webp 12w, https:\/\/rivoli.ch\/wp-content\/uploads\/2024\/04\/RIV_Base-pack-50mlECOM-IMAGES_1040X1040_WHITE__25-1.jpg 1040w\" sizes=\"(max-width: 600px) 100vw, 600px\" \/><\/a>\n\t\t\t\t<\/div>\n\n<h3 class=\"has-text-align-center wp-block-post-title\"><a href=\"https:\/\/rivoli.ch\/fr\/?post_type=product&#038;p=343\" target=\"_self\" >LePrivil\u00e8ge BaseTraitant<\/a><\/h3>\n\n<div data-block-name=\"woocommerce\/product-price\" data-text-align=\"center\" data-is-descendent-of-single-product-block=\"true\" class=\"wp-block-woocommerce-product-price\"><div class=\"wc-block-components-product-price wc-block-grid__product-price has-text-align-center has-text-align-center\" style=\"\">\n\t\t\t\t\t<span class=\"woocs_price_code\" data-currency=\"\" data-redraw-id=\"69f191e50d3c3\"  data-product-id=\"343\">\u00e0 partir de <span class=\"woocommerce-Price-amount amount\"><bdi><span class=\"woocommerce-Price-currencySymbol\">&#67;&#72;&#70;<\/span>&nbsp;75.\u2013<\/bdi><\/span><\/span>\n\t\t\t\t<\/div><\/div><\/div>\n<\/div>\n<\/div><\/div>\n<\/div>\n<\/div><\/div>\n\n\n\n<div class=\"wp-block-column is-layout-flow wp-block-column-is-layout-flow\"><\/div>\n\n\n\n<div class=\"wp-block-column is-layout-flow wp-block-column-is-layout-flow\"><\/div>\n<\/div>\n\n\n\n<h2 class=\"wp-block-heading alignwide has-text-align-left page-category__title\">Les bienfaits d&rsquo;une cr\u00e8me de jour<\/h2>\n\n\n\n<div class=\"wp-block-columns alignwide is-layout-flex wp-container-core-columns-is-layout-11 wp-block-columns-is-layout-flex\">\n<div class=\"wp-block-column is-layout-flow wp-block-column-is-layout-flow\">\n<p>Les b\u00e9n\u00e9fices d&rsquo;une cr\u00e8me de jour adapt\u00e9e \u00e0 votre type de peau sont multiples :<\/p>\n\n\n\n<ul>\n<li>Elle maintient un niveau d&rsquo;hydratation optimal tout au long de la journ\u00e9e<\/li>\n\n\n\n<li>Elle renforce la barri\u00e8re cutan\u00e9e naturelle<\/li>\n\n\n\n<li>Elle pr\u00e9vient les signes du vieillissement pr\u00e9matur\u00e9<\/li>\n\n\n\n<li>Elle pr\u00e9pare la peau au maquillage<\/li>\n\n\n\n<li>Elle prot\u00e8ge des agressions environnementales<\/li>\n<\/ul>\n\n\n\n<p><strong>L&rsquo;\u00e9quilibre cutan\u00e9<\/strong> repose sur une bonne hydratation quotidienne. Une peau bien hydrat\u00e9e maintient naturellement son niveau optimal d&rsquo;eau gr\u00e2ce \u00e0 des actifs comme le <strong>Tamarindus Indica Seed Gum<\/strong> (graines du tamarinier), qui forme un film protecteur \u00e0 la surface de la peau, am\u00e9liore son \u00e9lasticit\u00e9 et pr\u00e9serve sa souplesse.<\/p>\n\n\n\n<p>Au fil des heures, votre \u00e9piderme fait face aux rayons UV et \u00e0 la lumi\u00e8re bleue des \u00e9crans. Un soin quotidien enrichi en <strong>Squalane<\/strong> et en <strong>Glycerin<\/strong> renforce la barri\u00e8re naturelle de la peau, pr\u00e9venant ainsi l&rsquo;apparition pr\u00e9matur\u00e9e des signes de l&rsquo;\u00e2ge.<\/p>\n\n\n\n<p>L&rsquo;application matinale, apr\u00e8s le nettoyage, d&rsquo;une cr\u00e8me de jour permet \u00e0 votre peau de rester souple et confortable. Les <strong>ingr\u00e9dients d&rsquo;origine naturelle<\/strong>, s\u00e9lectionn\u00e9s pour leurs propri\u00e9t\u00e9s anti-pollution, cr\u00e9ent un bouclier invisible qui prot\u00e8ge votre visage des perturbateurs endocriniens environnants.<\/p>\n<\/div>\n<\/div>\n\n\n\n<h2 class=\"wp-block-heading alignwide page-category__title\">Quelle cr\u00e8me de jour pour chaque type de peau ?<\/h2>\n\n\n\n<div class=\"wp-block-columns alignwide is-layout-flex wp-container-core-columns-is-layout-12 wp-block-columns-is-layout-flex\">\n<div class=\"wp-block-column is-layout-flow wp-block-column-is-layout-flow\">\n<p><strong>Les peaux mixtes \u00e0 grasses<\/strong> recherchent une texture l\u00e9g\u00e8re et non com\u00e9dog\u00e8ne. Une formule qui va permettre de r\u00e9guler le microbiote cutan\u00e9 pour \u00e9quilibrer la production de s\u00e9bum tout au long de la journ\u00e9e, pr\u00e9venant l&rsquo;apparition des points noirs sans ass\u00e9cher l&rsquo;\u00e9piderme.<\/p>\n\n\n\n<p>Pour <strong>les peaux s\u00e8ches et sensibles<\/strong>, une texture plus enveloppante et protectrice apporte le confort n\u00e9cessaire. Les formules enrichies en sualane et huiles v\u00e9g\u00e9tales restaurent le film hydrolipidique fragilis\u00e9, apaisant les sensations de tiraillement d\u00e8s le matin apr\u00e8s le nettoyage.<\/p>\n\n\n\n<p><strong>Les peaux normales<\/strong> privil\u00e9gient une texture \u00e9quilibr\u00e9e qui pr\u00e9serve leur \u00e9quilibre naturel. Une routine beaut\u00e9 simple avec des soins anti-imperfections l\u00e9gers suffit \u00e0 maintenir leur \u00e9clat tout en les prot\u00e9geant des agressions ext\u00e9rieures.<\/p>\n\n\n\n<p><strong>Les peaux matures<\/strong> n\u00e9cessitent une attention particuli\u00e8re avec des formules enrichies en actifs r\u00e9g\u00e9n\u00e9rants et relipidants. Les cr\u00e8mes de jour sp\u00e9cifiques, formul\u00e9es avec des pr\u00e9curseurs de collag\u00e8ne ASPRivoli\u00ae, stimulent la synth\u00e8se naturelle des prot\u00e9ines de structure pour restaurer densit\u00e9 et fermet\u00e9.<\/p>\n<\/div>\n<\/div>\n\n\n\n<h2 class=\"wp-block-heading alignwide page-category__title\">L&rsquo;importance des actifs anti-\u00e2ge d&rsquo;une cr\u00e8me de jour pour votre visage<\/h2>\n\n\n\n<div class=\"wp-block-columns alignwide is-layout-flex wp-container-core-columns-is-layout-13 wp-block-columns-is-layout-flex\">\n<div class=\"wp-block-column is-layout-flow wp-block-column-is-layout-flow\">\n<p><strong>La recherche dermatologique<\/strong> d\u00e9montre qu&rsquo;\u00e0 partir de 25 ans, la production naturelle de collag\u00e8ne diminue de 1% chaque ann\u00e9e. Les actifs anti-\u00e2ge comme le r\u00e9tinol, la vitamine C et les peptides jouent un r\u00f4le fondamental dans le maintien du capital jeunesse cutan\u00e9.<\/p>\n\n\n\n<p>Selon le <em>Journal of Investigative Dermatology<\/em>, ces actifs stimulent les fibroblastes pour relancer la synth\u00e8se naturelle de collag\u00e8ne et d&rsquo;\u00e9lastine. La niacinamide renforce la barri\u00e8re cutan\u00e9e.<\/p>\n\n\n\n<p>L&rsquo;association d&rsquo;antioxydants puissants prot\u00e8ge la peau des radicaux libres responsables du vieillissement pr\u00e9matur\u00e9. Les formules nouvelle g\u00e9n\u00e9ration int\u00e8grent des complexes multi-actifs qui agissent en synergie pour des r\u00e9sultats visibles sur la fermet\u00e9 et l&rsquo;\u00e9clat du teint.<\/p>\n<\/div>\n<\/div>\n\n\n\n<h2 class=\"wp-block-heading alignwide page-category__title\">Notre Cr\u00e8me de Jour Jeunesse N\u00b002<\/h2>\n\n\n\n<div class=\"wp-block-columns alignwide is-layout-flex wp-container-core-columns-is-layout-14 wp-block-columns-is-layout-flex\">\n<div class=\"wp-block-column is-layout-flow wp-block-column-is-layout-flow\">\n<p>La <a href=\"https:\/\/rivoli.ch\/fr\/produits\/le-visage-creme-de-jour-jeunesse-n02\/\">Cr\u00e8me de Jour Jeunesse RIVOLI N\u00b002<\/a> s\u2019appuie sur une s\u00e9lection d\u2019ingr\u00e9dients de qualit\u00e9 pour offrir \u00e0 la peau une sensation de confort, de souplesse et de fra\u00eecheur d\u00e8s l\u2019application. Sa texture fondante associe des agents nourrissants comme le squalane, la glyc\u00e9rine et le beurre de karit\u00e9 pour hydrater durablement et apaiser la peau.<\/p>\n\n\n\n<p>Des extraits v\u00e9g\u00e9taux tels que le citron, la fumeterre et le fruit de Caesalpinia Spinosa participent \u00e0 la protection contre les agressions ext\u00e9rieures, tandis que des actifs issus du tamarin et des sucres naturels forment un voile l\u00e9ger qui aide \u00e0 pr\u00e9server la peau de la pollution.<\/p>\n\n\n\n<p>Enrichie en pr\u00e9curseurs de vitamines, en c\u00e9ramides et en extraits de tournesol germ\u00e9, cette formule douce soutient les m\u00e9canismes naturels de r\u00e9g\u00e9n\u00e9ration et aide la peau \u00e0 conserver son \u00e9clat, sa fermet\u00e9 et sa vitalit\u00e9 jour apr\u00e8s jour.<\/p>\n<\/div>\n<\/div>\n\n\n\n<div class=\"wp-block-columns alignwide is-layout-flex wp-container-core-columns-is-layout-15 wp-block-columns-is-layout-flex\">\n<div class=\"wp-block-column is-layout-flow wp-block-column-is-layout-flow\">\n<h3 class=\"wp-block-heading alignwide\"><strong><strong><strong>La technologie ASPRivoli\u00ae au c\u0153ur de nos soins<\/strong><\/strong><\/strong><\/h3>\n\n\n\n<p>Notre technologie brevet\u00e9e ASPRivoli\u00ae repr\u00e9sente une r\u00e9volution dans l&rsquo;approche du vieillissement cutan\u00e9. Les pr\u00e9curseurs biologiques qu&rsquo;elle contient stimulent naturellement la production de collag\u00e8ne et d&rsquo;\u00e9lastine au niveau des fibroblastes.<\/p>\n\n\n\n<p>Les tests cliniques d\u00e9montrent une augmentation significative de la fermet\u00e9 cutan\u00e9e apr\u00e8s 15 jours d&rsquo;utilisation. La peau retrouve son rebond naturel gr\u00e2ce \u00e0 une action cibl\u00e9e sur les zones fragilis\u00e9es par le temps.<\/p>\n\n\n\n<p>Cette technologie unique associe un complexe d&rsquo;acides amin\u00e9s essentiels \u00e0 des peptides bioactifs. Le cuivre, composant cl\u00e9 de la formule, active les enzymes responsables de la synth\u00e8se du collag\u00e8ne fonctionnel pour une r\u00e9g\u00e9n\u00e9ration optimale de la matrice dermique.<\/p>\n<\/div>\n<\/div>\n\n\n\n<h2 class=\"wp-block-heading alignwide page-category__title\">Nos autres produits<\/h2>\n\n\n\n<div class=\"wp-block-columns alignwide is-layout-flex wp-container-core-columns-is-layout-16 wp-block-columns-is-layout-flex\">\n<div class=\"wp-block-column is-layout-flow wp-block-column-is-layout-flow\">\n<p>Pour une routine beaut\u00e9 compl\u00e8te, RIVOLI propose une gamme exhaustive de soins de jour, chacun d\u00e9velopp\u00e9 pour r\u00e9pondre \u00e0 des besoins sp\u00e9cifiques :<\/p>\n\n\n\n<ul>\n<li><a href=\"https:\/\/rivoli.ch\/fr\/produits\/le-visage-emulsion-re-equilibrante\/\">Le Visage \u00c9mulsion R\u00e9-\u00e9quilibrante<\/a>, notre soin apaisant qui r\u00e9\u00e9quilibre le microbiote cutan\u00e9 et att\u00e9nue les rougeurs<\/li>\n\n\n\n<li><a href=\"https:\/\/rivoli.ch\/fr\/produits\/le-visage-creme-nutrition-intense\/\">Le Visage Cr\u00e8me Nutrition Intense<\/a>, une formule riche qui nourrit intens\u00e9ment les peaux s\u00e8ches et matures<\/li>\n\n\n\n<li><a href=\"https:\/\/rivoli.ch\/fr\/produits\/le-privilege-base-traitante\/\">Le Privil\u00e8ge Base Traitante<\/a>, notre soin multi-fonctions qui unifie le teint tout en prot\u00e9geant la peau<\/li>\n\n\n\n<li><a href=\"https:\/\/rivoli.ch\/fr\/produits\/le-privilege-la-creme\/\">Le Privil\u00e8ge La Cr\u00e8me<\/a>, une cr\u00e8me extra riche pour peau mature concentr\u00e9e d&rsquo;actifs haute performance pour une action anti-\u00e2ge globale<\/li>\n\n\n\n<li><a href=\"https:\/\/rivoli.ch\/fr\/produits\/le-decollete-lissant-raffermissant-n02\/\">Le D\u00e9collet\u00e9 Lissant &amp; Raffermissant N\u00b002<\/a>, sp\u00e9cialement formul\u00e9 pour la zone d\u00e9licate du d\u00e9collet\u00e9<\/li>\n\n\n\n<li><a href=\"https:\/\/rivoli.ch\/fr\/produits\/le-regard-2-0-traitement-ultra-correctif\/\">Le Regard 2.0 Traitement Ultra Correctif<\/a>, qui cible les signes de fatigue autour des yeux<\/li>\n<\/ul>\n\n\n\n<p>Chaque soin b\u00e9n\u00e9ficie de la technologie ASPRivoli\u00ae et d&rsquo;actifs hautement performants, cliniquement test\u00e9s dans notre manufacture suisse certifi\u00e9e ISO pour des r\u00e9sultats visibles d\u00e8s les premi\u00e8res applications.<\/p>\n<\/div>\n<\/div>\n\n\n\n<figure data-no-zoom=\"true\" class=\"wp-block-image alignfull size-large\"><a href=\"https:\/\/rivoli.ch\/wp-content\/uploads\/2025\/07\/Creme-de-jour-RIVOLI.jpg\"><img loading=\"lazy\" decoding=\"async\" width=\"1024\" height=\"354\" src=\"https:\/\/rivoli.ch\/wp-content\/uploads\/2025\/07\/Creme-de-jour-RIVOLI-1024x354.webp\" alt=\"cre\u0300me de jour rivoli\" class=\"wp-image-3317\" srcset=\"https:\/\/rivoli.ch\/wp-content\/uploads\/2025\/07\/Creme-de-jour-RIVOLI-1024x354.webp 1024w, https:\/\/rivoli.ch\/wp-content\/uploads\/2025\/07\/Creme-de-jour-RIVOLI-300x104.webp 300w, https:\/\/rivoli.ch\/wp-content\/uploads\/2025\/07\/Creme-de-jour-RIVOLI-768x266.webp 768w, https:\/\/rivoli.ch\/wp-content\/uploads\/2025\/07\/Creme-de-jour-RIVOLI-18x6.webp 18w, https:\/\/rivoli.ch\/wp-content\/uploads\/2025\/07\/Creme-de-jour-RIVOLI-600x208.webp 600w, https:\/\/rivoli.ch\/wp-content\/uploads\/2025\/07\/Creme-de-jour-RIVOLI.jpg 1300w\" sizes=\"(max-width: 1024px) 100vw, 1024px\" \/><\/a><\/figure>\n\n\n\n<div class=\"wp-block-columns alignwide is-layout-flex wp-container-core-columns-is-layout-17 wp-block-columns-is-layout-flex\">\n<div class=\"wp-block-column is-content-justification-center is-layout-constrained wp-block-column-is-layout-constrained\">\n<h2 class=\"wp-block-heading\">Tout savoir sur les cr\u00e8mes de jour<\/h2>\n\n\n<\/div>\n<\/div>\n","protected":false},"excerpt":{"rendered":"<p>Cr\u00e8me de jour La cr\u00e8me de jour repr\u00e9sente le geste beaut\u00e9 essentiel pour pr\u00e9server l&rsquo;\u00e9clat et la jeunesse de votre peau. V\u00e9ritable bouclier protecteur, elle apporte l&rsquo;hydratation n\u00e9cessaire tout en cr\u00e9ant une barri\u00e8re efficace contre les agressions quotidiennes : pollution, stress, variations de temp\u00e9rature. D\u00e9couvrez notre s\u00e9lection de cr\u00e8mes de jour, formul\u00e9es pour r\u00e9pondre aux [&hellip;]<\/p>\n","protected":false},"author":11849,"featured_media":394,"parent":0,"menu_order":0,"comment_status":"closed","ping_status":"closed","template":"","meta":{"_seopress_robots_primary_cat":"","_seopress_titles_title":"Les cr\u00e8mes de jour : l'essentiel pour une peau rayonnante au quotidien","_seopress_titles_desc":"Optimisez votre routine avec notre cr\u00e8me de jour Rivoli Gen\u00e8ve, hydratante et anti-\u00e2ge, pour une peau \u00e9clatante et prot\u00e9g\u00e9e toute la journ\u00e9e.","_seopress_robots_index":"","footnotes":""},"acf":[],"_links":{"self":[{"href":"https:\/\/rivoli.ch\/fr\/wp-json\/wp\/v2\/pages\/3312"}],"collection":[{"href":"https:\/\/rivoli.ch\/fr\/wp-json\/wp\/v2\/pages"}],"about":[{"href":"https:\/\/rivoli.ch\/fr\/wp-json\/wp\/v2\/types\/page"}],"author":[{"embeddable":true,"href":"https:\/\/rivoli.ch\/fr\/wp-json\/wp\/v2\/users\/11849"}],"replies":[{"embeddable":true,"href":"https:\/\/rivoli.ch\/fr\/wp-json\/wp\/v2\/comments?post=3312"}],"version-history":[{"count":20,"href":"https:\/\/rivoli.ch\/fr\/wp-json\/wp\/v2\/pages\/3312\/revisions"}],"predecessor-version":[{"id":4256,"href":"https:\/\/rivoli.ch\/fr\/wp-json\/wp\/v2\/pages\/3312\/revisions\/4256"}],"wp:featuredmedia":[{"embeddable":true,"href":"https:\/\/rivoli.ch\/fr\/wp-json\/wp\/v2\/media\/394"}],"wp:attachment":[{"href":"https:\/\/rivoli.ch\/fr\/wp-json\/wp\/v2\/media?parent=3312"}],"curies":[{"name":"wp","href":"https:\/\/api.w.org\/{rel}","templated":true}]}}