{"id":3312,"date":"2025-08-01T10:33:12","date_gmt":"2025-08-01T08:33:12","guid":{"rendered":"https:\/\/rivoli.ch\/?page_id=3312"},"modified":"2026-01-30T10:06:57","modified_gmt":"2026-01-30T09:06:57","slug":"tagescreme","status":"publish","type":"page","link":"https:\/\/rivoli.ch\/de\/tagescreme\/","title":{"rendered":"Tagescreme"},"content":{"rendered":"<h1 class=\"wp-block-heading alignwide has-text-align-left page-category__title\"><strong>Tagescreme<\/strong><\/h1>\n\n\n\n<div class=\"wp-block-media-text alignwide is-stacked-on-mobile\"><figure class=\"wp-block-media-text__media\" data-no-zoom=\"true\"><img loading=\"lazy\" decoding=\"async\" width=\"1024\" height=\"354\" src=\"https:\/\/rivoli.ch\/wp-content\/uploads\/2025\/07\/Creme-Le-privilege-RIVOLI-1024x354.webp\" alt=\"cre\u0300me le privile\u0300ge rivoli\" class=\"wp-image-3318 size-full\" srcset=\"https:\/\/rivoli.ch\/wp-content\/uploads\/2025\/07\/Creme-Le-privilege-RIVOLI-1024x354.webp 1024w, https:\/\/rivoli.ch\/wp-content\/uploads\/2025\/07\/Creme-Le-privilege-RIVOLI-300x104.webp 300w, https:\/\/rivoli.ch\/wp-content\/uploads\/2025\/07\/Creme-Le-privilege-RIVOLI-768x266.webp 768w, https:\/\/rivoli.ch\/wp-content\/uploads\/2025\/07\/Creme-Le-privilege-RIVOLI-18x6.webp 18w, https:\/\/rivoli.ch\/wp-content\/uploads\/2025\/07\/Creme-Le-privilege-RIVOLI-600x208.webp 600w, https:\/\/rivoli.ch\/wp-content\/uploads\/2025\/07\/Creme-Le-privilege-RIVOLI.jpg 1300w\" sizes=\"(max-width: 1024px) 100vw, 1024px\" \/><\/figure><div class=\"wp-block-media-text__content\">\n<p class=\"translation-block\">Die Tagescreme <strong>bewahrt Ausstrahlung und Jugendlichkeit der Haut<\/strong> : Sie spendet Feuchtigkeit und sch\u00fctzt vor Umweltstress (Verschmutzung, Stress, Temperaturwechsel).<\/p>\n<\/div><\/div>\n\n\n\n<h2 class=\"wp-block-heading alignwide page-category__title\">Beste RIVOLI Tagespflege<\/h2>\n\n\n\n<div class=\"wp-block-columns alignwide is-layout-flex wp-container-core-columns-is-layout-5 wp-block-columns-is-layout-flex\">\n<div class=\"wp-block-column is-layout-flow wp-block-column-is-layout-flow\"><div data-block-name=\"woocommerce\/single-product\" data-product-id=\"392\" class=\"wp-block-woocommerce-single-product\">\n<div class=\"wp-block-columns is-layout-flex wp-container-core-columns-is-layout-1 wp-block-columns-is-layout-flex\">\n<div class=\"wp-block-column is-layout-flow wp-block-column-is-layout-flow\"><div data-block-name=\"woocommerce\/product-image\" data-show-sale-badge=\"false\" data-is-descendent-of-single-product-block=\"true\" class=\"wc-block-components-product-image wc-block-grid__product-image\" style=\"\">\n\t\t\t\t\t<a href=\"https:\/\/rivoli.ch\/de\/produkte\/le-visage-creme-de-jour-jeunesse-n02\/\" style=\"\"> <img loading=\"lazy\" decoding=\"async\" width=\"600\" height=\"600\" src=\"https:\/\/rivoli.ch\/wp-content\/uploads\/2024\/04\/RIV_Lv-Creme-de-Jour-ECOM-IMAGES_1040X1040_WHITE_28-600x600.webp\" class=\"attachment-woocommerce_single size-woocommerce_single\" alt=\"Le Visage Cr\u00e8me de Jour Jeunesse N\u00b002\" data-testid=\"product-image\" style=\"max-width:none;object-fit:cover;\" srcset=\"https:\/\/rivoli.ch\/wp-content\/uploads\/2024\/04\/RIV_Lv-Creme-de-Jour-ECOM-IMAGES_1040X1040_WHITE_28-600x600.webp 600w, https:\/\/rivoli.ch\/wp-content\/uploads\/2024\/04\/RIV_Lv-Creme-de-Jour-ECOM-IMAGES_1040X1040_WHITE_28-300x300.webp 300w, https:\/\/rivoli.ch\/wp-content\/uploads\/2024\/04\/RIV_Lv-Creme-de-Jour-ECOM-IMAGES_1040X1040_WHITE_28-1024x1024.webp 1024w, https:\/\/rivoli.ch\/wp-content\/uploads\/2024\/04\/RIV_Lv-Creme-de-Jour-ECOM-IMAGES_1040X1040_WHITE_28-150x150.webp 150w, https:\/\/rivoli.ch\/wp-content\/uploads\/2024\/04\/RIV_Lv-Creme-de-Jour-ECOM-IMAGES_1040X1040_WHITE_28-768x768.webp 768w, https:\/\/rivoli.ch\/wp-content\/uploads\/2024\/04\/RIV_Lv-Creme-de-Jour-ECOM-IMAGES_1040X1040_WHITE_28-12x12.webp 12w, https:\/\/rivoli.ch\/wp-content\/uploads\/2024\/04\/RIV_Lv-Creme-de-Jour-ECOM-IMAGES_1040X1040_WHITE_28.jpg 1040w\" sizes=\"(max-width: 600px) 100vw, 600px\" \/><\/a>\n\t\t\t\t<\/div>\n\n<h3 class=\"has-text-align-center wp-block-post-title\"><a href=\"https:\/\/rivoli.ch\/de\/produkte\/le-visage-creme-de-jour-jeunesse-n02\/\" target=\"_self\" >Le Visage Cr\u00e8me de Jour Jeunesse N\u00b002<\/a><\/h3>\n\n<div data-block-name=\"woocommerce\/product-price\" data-text-align=\"center\" data-is-descendent-of-single-product-block=\"true\" class=\"wp-block-woocommerce-product-price\"><div class=\"wc-block-components-product-price wc-block-grid__product-price has-text-align-center has-text-align-center\" style=\"\">\n\t\t\t\t\t<span class=\"woocs_price_code\" data-currency=\"\" data-redraw-id=\"69f193631210e\"  data-product-id=\"392\"><span class=\"woocommerce-Price-amount amount\"><bdi><span class=\"woocommerce-Price-currencySymbol\">&#67;&#72;&#70;<\/span>&nbsp;180.\u2013<\/bdi><\/span><\/span>\n\t\t\t\t<\/div><\/div><\/div>\n<\/div>\n<\/div><\/div>\n\n\n\n<div class=\"wp-block-column is-layout-flow wp-block-column-is-layout-flow\"><div data-block-name=\"woocommerce\/single-product\" data-product-id=\"353\" class=\"wp-block-woocommerce-single-product\">\n<div class=\"wp-block-columns is-layout-flex wp-container-core-columns-is-layout-2 wp-block-columns-is-layout-flex\">\n<div class=\"wp-block-column is-layout-flow wp-block-column-is-layout-flow\"><div data-block-name=\"woocommerce\/product-image\" data-show-sale-badge=\"false\" data-is-descendent-of-single-product-block=\"true\" class=\"wc-block-components-product-image wc-block-grid__product-image\" style=\"\">\n\t\t\t\t\t<a href=\"https:\/\/rivoli.ch\/de\/produkte\/le-privilege-la-creme\/\" style=\"\"> <img loading=\"lazy\" decoding=\"async\" width=\"600\" height=\"600\" src=\"https:\/\/rivoli.ch\/wp-content\/uploads\/2024\/04\/RIV_La-Creme-50ml-pack-ECOM-IMAGES_1040X1040_WHITE__21-600x600.webp\" class=\"attachment-woocommerce_single size-woocommerce_single\" alt=\"Le Privil\u00e8ge La Cr\u00e8me\" data-testid=\"product-image\" style=\"max-width:none;object-fit:cover;\" srcset=\"https:\/\/rivoli.ch\/wp-content\/uploads\/2024\/04\/RIV_La-Creme-50ml-pack-ECOM-IMAGES_1040X1040_WHITE__21-600x600.webp 600w, https:\/\/rivoli.ch\/wp-content\/uploads\/2024\/04\/RIV_La-Creme-50ml-pack-ECOM-IMAGES_1040X1040_WHITE__21-300x300.webp 300w, https:\/\/rivoli.ch\/wp-content\/uploads\/2024\/04\/RIV_La-Creme-50ml-pack-ECOM-IMAGES_1040X1040_WHITE__21-1024x1024.webp 1024w, https:\/\/rivoli.ch\/wp-content\/uploads\/2024\/04\/RIV_La-Creme-50ml-pack-ECOM-IMAGES_1040X1040_WHITE__21-150x150.webp 150w, https:\/\/rivoli.ch\/wp-content\/uploads\/2024\/04\/RIV_La-Creme-50ml-pack-ECOM-IMAGES_1040X1040_WHITE__21-768x768.webp 768w, https:\/\/rivoli.ch\/wp-content\/uploads\/2024\/04\/RIV_La-Creme-50ml-pack-ECOM-IMAGES_1040X1040_WHITE__21-12x12.webp 12w, https:\/\/rivoli.ch\/wp-content\/uploads\/2024\/04\/RIV_La-Creme-50ml-pack-ECOM-IMAGES_1040X1040_WHITE__21.jpg 1040w\" sizes=\"(max-width: 600px) 100vw, 600px\" \/><\/a>\n\t\t\t\t<\/div>\n\n<h3 class=\"has-text-align-center wp-block-post-title\"><a href=\"https:\/\/rivoli.ch\/de\/produkte\/le-privilege-la-creme\/\" target=\"_self\" >Le Privil\u00e8ge La Cr\u00e8me<\/a><\/h3>\n\n<div data-block-name=\"woocommerce\/product-price\" data-text-align=\"center\" data-is-descendent-of-single-product-block=\"true\" class=\"wp-block-woocommerce-product-price\"><div class=\"wc-block-components-product-price wc-block-grid__product-price has-text-align-center has-text-align-center\" style=\"\">\n\t\t\t\t\t<span class=\"woocs_price_code\" data-currency=\"\" data-redraw-id=\"69f1936324b2e\"  data-product-id=\"353\"><span class=\"woocommerce-Price-amount amount\"><bdi><span class=\"woocommerce-Price-currencySymbol\">&#67;&#72;&#70;<\/span>&nbsp;375.\u2013<\/bdi><\/span><\/span>\n\t\t\t\t<\/div><\/div><\/div>\n<\/div>\n<\/div><\/div>\n\n\n\n<div class=\"wp-block-column is-layout-flow wp-block-column-is-layout-flow\"><div data-block-name=\"woocommerce\/single-product\" data-product-id=\"444\" class=\"wp-block-woocommerce-single-product\">\n<div class=\"wp-block-columns is-layout-flex wp-container-core-columns-is-layout-3 wp-block-columns-is-layout-flex\">\n<div class=\"wp-block-column is-layout-flow wp-block-column-is-layout-flow\"><div data-block-name=\"woocommerce\/product-image\" data-show-sale-badge=\"false\" data-is-descendent-of-single-product-block=\"true\" class=\"wc-block-components-product-image wc-block-grid__product-image\" style=\"\">\n\t\t\t\t\t<a href=\"https:\/\/rivoli.ch\/de\/?post_type=product&#038;p=444\" style=\"\"> <img loading=\"lazy\" decoding=\"async\" width=\"600\" height=\"600\" src=\"https:\/\/rivoli.ch\/wp-content\/uploads\/2024\/04\/RIV_Le-Decollete-ECOM-IMAGES_1040X1040_WHITE_8-600x600.webp\" class=\"attachment-woocommerce_single size-woocommerce_single\" alt=\"Le D\u00e9collet\u00e9 Lissant &amp; Raffermissant N\u00b002\" data-testid=\"product-image\" style=\"max-width:none;object-fit:cover;\" srcset=\"https:\/\/rivoli.ch\/wp-content\/uploads\/2024\/04\/RIV_Le-Decollete-ECOM-IMAGES_1040X1040_WHITE_8-600x600.webp 600w, https:\/\/rivoli.ch\/wp-content\/uploads\/2024\/04\/RIV_Le-Decollete-ECOM-IMAGES_1040X1040_WHITE_8-300x300.webp 300w, https:\/\/rivoli.ch\/wp-content\/uploads\/2024\/04\/RIV_Le-Decollete-ECOM-IMAGES_1040X1040_WHITE_8-1024x1024.webp 1024w, https:\/\/rivoli.ch\/wp-content\/uploads\/2024\/04\/RIV_Le-Decollete-ECOM-IMAGES_1040X1040_WHITE_8-150x150.webp 150w, https:\/\/rivoli.ch\/wp-content\/uploads\/2024\/04\/RIV_Le-Decollete-ECOM-IMAGES_1040X1040_WHITE_8-768x768.webp 768w, https:\/\/rivoli.ch\/wp-content\/uploads\/2024\/04\/RIV_Le-Decollete-ECOM-IMAGES_1040X1040_WHITE_8-12x12.webp 12w, https:\/\/rivoli.ch\/wp-content\/uploads\/2024\/04\/RIV_Le-Decollete-ECOM-IMAGES_1040X1040_WHITE_8.jpg 1040w\" sizes=\"(max-width: 600px) 100vw, 600px\" \/><\/a>\n\t\t\t\t<\/div>\n\n<h3 class=\"has-text-align-center wp-block-post-title\"><a href=\"https:\/\/rivoli.ch\/de\/?post_type=product&#038;p=444\" target=\"_self\" >Le D\u00e9collet\u00e9 Lissant &#038; Raffermissant N\u00b002<\/a><\/h3>\n\n<div data-block-name=\"woocommerce\/product-price\" data-text-align=\"center\" data-is-descendent-of-single-product-block=\"true\" class=\"wp-block-woocommerce-product-price\"><div class=\"wc-block-components-product-price wc-block-grid__product-price has-text-align-center has-text-align-center\" style=\"\">\n\t\t\t\t\t<span class=\"woocs_price_code\" data-currency=\"\" data-redraw-id=\"69f193632d811\"  data-product-id=\"444\"><span class=\"woocommerce-Price-amount amount\"><bdi><span class=\"woocommerce-Price-currencySymbol\">&#67;&#72;&#70;<\/span>&nbsp;185.\u2013<\/bdi><\/span><\/span>\n\t\t\t\t<\/div><\/div><\/div>\n<\/div>\n<\/div><\/div>\n\n\n\n<div class=\"wp-block-column is-layout-flow wp-block-column-is-layout-flow\"><div data-block-name=\"woocommerce\/single-product\" data-product-id=\"432\" class=\"wp-block-woocommerce-single-product\">\n<div class=\"wp-block-columns is-layout-flex wp-container-core-columns-is-layout-4 wp-block-columns-is-layout-flex\">\n<div class=\"wp-block-column is-layout-flow wp-block-column-is-layout-flow\"><div data-block-name=\"woocommerce\/product-image\" data-show-sale-badge=\"false\" data-is-descendent-of-single-product-block=\"true\" class=\"wc-block-components-product-image wc-block-grid__product-image\" style=\"\">\n\t\t\t\t\t<a href=\"https:\/\/rivoli.ch\/de\/produkte\/le-regard-2-0-traitement-ultra-correctif\/\" style=\"\"> <img loading=\"lazy\" decoding=\"async\" width=\"600\" height=\"600\" src=\"https:\/\/rivoli.ch\/wp-content\/uploads\/2024\/04\/RIV_LR-Traitement-t-bottle-ECOM-IMAGES_1040X1040_WHITE_3-600x600.webp\" class=\"attachment-woocommerce_single size-woocommerce_single\" alt=\"Le Regard 2.0 Traitement Ultra Correctif\" data-testid=\"product-image\" style=\"max-width:none;object-fit:cover;\" srcset=\"https:\/\/rivoli.ch\/wp-content\/uploads\/2024\/04\/RIV_LR-Traitement-t-bottle-ECOM-IMAGES_1040X1040_WHITE_3-600x600.webp 600w, https:\/\/rivoli.ch\/wp-content\/uploads\/2024\/04\/RIV_LR-Traitement-t-bottle-ECOM-IMAGES_1040X1040_WHITE_3-300x300.webp 300w, https:\/\/rivoli.ch\/wp-content\/uploads\/2024\/04\/RIV_LR-Traitement-t-bottle-ECOM-IMAGES_1040X1040_WHITE_3-1024x1024.webp 1024w, https:\/\/rivoli.ch\/wp-content\/uploads\/2024\/04\/RIV_LR-Traitement-t-bottle-ECOM-IMAGES_1040X1040_WHITE_3-150x150.webp 150w, https:\/\/rivoli.ch\/wp-content\/uploads\/2024\/04\/RIV_LR-Traitement-t-bottle-ECOM-IMAGES_1040X1040_WHITE_3-768x768.webp 768w, https:\/\/rivoli.ch\/wp-content\/uploads\/2024\/04\/RIV_LR-Traitement-t-bottle-ECOM-IMAGES_1040X1040_WHITE_3-12x12.webp 12w, https:\/\/rivoli.ch\/wp-content\/uploads\/2024\/04\/RIV_LR-Traitement-t-bottle-ECOM-IMAGES_1040X1040_WHITE_3.jpg 1040w\" sizes=\"(max-width: 600px) 100vw, 600px\" \/><\/a>\n\t\t\t\t<\/div>\n\n<h3 class=\"has-text-align-center wp-block-post-title\"><a href=\"https:\/\/rivoli.ch\/de\/produkte\/le-regard-2-0-traitement-ultra-correctif\/\" target=\"_self\" >Le Regard 2.0 Traitement Ultra Correctif<\/a><\/h3>\n\n<div data-block-name=\"woocommerce\/product-price\" data-text-align=\"center\" data-is-descendent-of-single-product-block=\"true\" class=\"wp-block-woocommerce-product-price\"><div class=\"wc-block-components-product-price wc-block-grid__product-price has-text-align-center has-text-align-center\" style=\"\">\n\t\t\t\t\t<span class=\"woocs_price_code\" data-currency=\"\" data-redraw-id=\"69f1936335207\"  data-product-id=\"432\"><span class=\"woocommerce-Price-amount amount\"><bdi><span class=\"woocommerce-Price-currencySymbol\">&#67;&#72;&#70;<\/span>&nbsp;179.\u2013<\/bdi><\/span><\/span>\n\t\t\t\t<\/div><\/div><\/div>\n<\/div>\n<\/div><\/div>\n<\/div>\n\n\n\n<div class=\"wp-block-columns alignwide is-layout-flex wp-container-core-columns-is-layout-10 wp-block-columns-is-layout-flex\">\n<div class=\"wp-block-column is-layout-flow wp-block-column-is-layout-flow\"><div data-block-name=\"woocommerce\/single-product\" data-product-id=\"444\" class=\"wp-block-woocommerce-single-product\">\n<div class=\"wp-block-columns is-layout-flex wp-container-core-columns-is-layout-7 wp-block-columns-is-layout-flex\">\n<div class=\"wp-block-column is-layout-flow wp-block-column-is-layout-flow\"><div data-block-name=\"woocommerce\/single-product\" data-product-id=\"361\" class=\"wp-block-woocommerce-single-product\">\n<div class=\"wp-block-columns is-layout-flex wp-container-core-columns-is-layout-6 wp-block-columns-is-layout-flex\">\n<div class=\"wp-block-column is-layout-flow wp-block-column-is-layout-flow\"><div data-block-name=\"woocommerce\/product-image\" data-show-sale-badge=\"false\" data-is-descendent-of-single-product-block=\"true\" class=\"wc-block-components-product-image wc-block-grid__product-image\" style=\"\">\n\t\t\t\t\t<a href=\"https:\/\/rivoli.ch\/de\/?post_type=product&#038;p=444\" style=\"\"> <img loading=\"lazy\" decoding=\"async\" width=\"600\" height=\"600\" src=\"https:\/\/rivoli.ch\/wp-content\/uploads\/2024\/04\/RIV_ECOM-IMAGES_1040X1040_EMU_1-1-600x600.webp\" class=\"attachment-woocommerce_single size-woocommerce_single\" alt=\"Le Visage \u00c9mulsion R\u00e9-\u00e9quilibrante\" data-testid=\"product-image\" style=\"max-width:none;object-fit:cover;\" srcset=\"https:\/\/rivoli.ch\/wp-content\/uploads\/2024\/04\/RIV_ECOM-IMAGES_1040X1040_EMU_1-1-600x600.webp 600w, https:\/\/rivoli.ch\/wp-content\/uploads\/2024\/04\/RIV_ECOM-IMAGES_1040X1040_EMU_1-1-300x300.webp 300w, https:\/\/rivoli.ch\/wp-content\/uploads\/2024\/04\/RIV_ECOM-IMAGES_1040X1040_EMU_1-1-1024x1024.webp 1024w, https:\/\/rivoli.ch\/wp-content\/uploads\/2024\/04\/RIV_ECOM-IMAGES_1040X1040_EMU_1-1-150x150.webp 150w, https:\/\/rivoli.ch\/wp-content\/uploads\/2024\/04\/RIV_ECOM-IMAGES_1040X1040_EMU_1-1-768x768.webp 768w, https:\/\/rivoli.ch\/wp-content\/uploads\/2024\/04\/RIV_ECOM-IMAGES_1040X1040_EMU_1-1-12x12.webp 12w, https:\/\/rivoli.ch\/wp-content\/uploads\/2024\/04\/RIV_ECOM-IMAGES_1040X1040_EMU_1-1.jpg 1040w\" sizes=\"(max-width: 600px) 100vw, 600px\" \/><\/a>\n\t\t\t\t<\/div>\n\n<h3 class=\"has-text-align-center wp-block-post-title\"><a href=\"https:\/\/rivoli.ch\/de\/?post_type=product&#038;p=444\" target=\"_self\" >Le Visage \u00c9mulsion R\u00e9-\u00e9quilibrante<\/a><\/h3>\n\n<div data-block-name=\"woocommerce\/product-price\" data-text-align=\"center\" data-is-descendent-of-single-product-block=\"true\" class=\"wp-block-woocommerce-product-price\"><div class=\"wc-block-components-product-price wc-block-grid__product-price has-text-align-center has-text-align-center\" style=\"\">\n\t\t\t\t\t<span class=\"woocs_price_code\" data-currency=\"\" data-redraw-id=\"69f193633bcd1\"  data-product-id=\"361\"><span class=\"woocommerce-Price-amount amount\"><bdi><span class=\"woocommerce-Price-currencySymbol\">&#67;&#72;&#70;<\/span>&nbsp;125.\u2013<\/bdi><\/span><\/span>\n\t\t\t\t<\/div><\/div><\/div>\n<\/div>\n<\/div><\/div>\n<\/div>\n<\/div><\/div>\n\n\n\n<div class=\"wp-block-column is-layout-flow wp-block-column-is-layout-flow\"><div data-block-name=\"woocommerce\/single-product\" data-product-id=\"392\" class=\"wp-block-woocommerce-single-product\">\n<div class=\"wp-block-columns is-layout-flex wp-container-core-columns-is-layout-9 wp-block-columns-is-layout-flex\">\n<div class=\"wp-block-column is-layout-flow wp-block-column-is-layout-flow\"><div data-block-name=\"woocommerce\/single-product\" data-product-id=\"343\" class=\"wp-block-woocommerce-single-product\">\n<div class=\"wp-block-columns is-layout-flex wp-container-core-columns-is-layout-8 wp-block-columns-is-layout-flex\">\n<div class=\"wp-block-column is-layout-flow wp-block-column-is-layout-flow\"><div data-block-name=\"woocommerce\/product-image\" data-show-sale-badge=\"false\" data-is-descendent-of-single-product-block=\"true\" class=\"wc-block-components-product-image wc-block-grid__product-image\" style=\"\">\n\t\t\t\t\t<a href=\"https:\/\/rivoli.ch\/de\/?post_type=product&#038;p=444\" style=\"\"> <img loading=\"lazy\" decoding=\"async\" width=\"600\" height=\"600\" src=\"https:\/\/rivoli.ch\/wp-content\/uploads\/2024\/04\/RIV_Base-pack-50mlECOM-IMAGES_1040X1040_WHITE__25-1-600x600.webp\" class=\"attachment-woocommerce_single size-woocommerce_single\" alt=\"LePrivil\u00e8ge BaseTraitant\" data-testid=\"product-image\" style=\"max-width:none;object-fit:cover;\" srcset=\"https:\/\/rivoli.ch\/wp-content\/uploads\/2024\/04\/RIV_Base-pack-50mlECOM-IMAGES_1040X1040_WHITE__25-1-600x600.webp 600w, https:\/\/rivoli.ch\/wp-content\/uploads\/2024\/04\/RIV_Base-pack-50mlECOM-IMAGES_1040X1040_WHITE__25-1-300x300.webp 300w, https:\/\/rivoli.ch\/wp-content\/uploads\/2024\/04\/RIV_Base-pack-50mlECOM-IMAGES_1040X1040_WHITE__25-1-1024x1024.webp 1024w, https:\/\/rivoli.ch\/wp-content\/uploads\/2024\/04\/RIV_Base-pack-50mlECOM-IMAGES_1040X1040_WHITE__25-1-150x150.webp 150w, https:\/\/rivoli.ch\/wp-content\/uploads\/2024\/04\/RIV_Base-pack-50mlECOM-IMAGES_1040X1040_WHITE__25-1-768x768.webp 768w, https:\/\/rivoli.ch\/wp-content\/uploads\/2024\/04\/RIV_Base-pack-50mlECOM-IMAGES_1040X1040_WHITE__25-1-12x12.webp 12w, https:\/\/rivoli.ch\/wp-content\/uploads\/2024\/04\/RIV_Base-pack-50mlECOM-IMAGES_1040X1040_WHITE__25-1.jpg 1040w\" sizes=\"(max-width: 600px) 100vw, 600px\" \/><\/a>\n\t\t\t\t<\/div>\n\n<h3 class=\"has-text-align-center wp-block-post-title\"><a href=\"https:\/\/rivoli.ch\/de\/?post_type=product&#038;p=444\" target=\"_self\" >LePrivil\u00e8ge BaseTraitant<\/a><\/h3>\n\n<div data-block-name=\"woocommerce\/product-price\" data-text-align=\"center\" data-is-descendent-of-single-product-block=\"true\" class=\"wp-block-woocommerce-product-price\"><div class=\"wc-block-components-product-price wc-block-grid__product-price has-text-align-center has-text-align-center\" style=\"\">\n\t\t\t\t\t<span class=\"woocs_price_code\" data-currency=\"\" data-redraw-id=\"69f1936346852\"  data-product-id=\"343\">\u00e0 partir de <span class=\"woocommerce-Price-amount amount\"><bdi><span class=\"woocommerce-Price-currencySymbol\">&#67;&#72;&#70;<\/span>&nbsp;75.\u2013<\/bdi><\/span><\/span>\n\t\t\t\t<\/div><\/div><\/div>\n<\/div>\n<\/div><\/div>\n<\/div>\n<\/div><\/div>\n\n\n\n<div class=\"wp-block-column is-layout-flow wp-block-column-is-layout-flow\"><\/div>\n\n\n\n<div class=\"wp-block-column is-layout-flow wp-block-column-is-layout-flow\"><\/div>\n<\/div>\n\n\n\n<h2 class=\"wp-block-heading alignwide has-text-align-left page-category__title\">Vorteile<\/h2>\n\n\n\n<div class=\"wp-block-columns alignwide is-layout-flex wp-container-core-columns-is-layout-11 wp-block-columns-is-layout-flex\">\n<div class=\"wp-block-column is-layout-flow wp-block-column-is-layout-flow\">\n<p>\u00a0Die Vorteile einer auf Ihren Hauttyp abgestimmten Tagescreme sind vielf\u00e4ltig:<\/p>\n\n\n\n<ul>\n<li>Optimale Hydratation, st\u00e4rkere Hautbarriere<\/li>\n\n\n\n<li>Anti\u2011Aging\u2011Pr\u00e4vention<\/li>\n\n\n\n<li>Make\u2011up\u2011Vorbereitung, Schutz vor Umweltfaktoren<\/li>\n\n\n\n<li>Tamarindus Indica Seed Gum bildet einen Schutzfilm, verbessert Elastizit\u00e4t<\/li>\n\n\n\n<li>Squalan + Glycerin st\u00e4rken die Barriere gegen UV\/Blue\u2011Light\u2011Stress<\/li>\n<\/ul>\n\n\n\n<p class=\"translation-block\"><strong>Das Gleichgewicht der Haut<\/strong> basiert auf einer optimalen t\u00e4glichen Feuchtigkeitsversorgung. Eine gut durchfeuchtete Haut bewahrt ihren Wassergehalt auf nat\u00fcrliche Weise dank Wirkstoffen wie <strong>Tamarindus Indica Seed Gum<\/strong> (Samen der Tamarinde). Dieser bildet einen Schutzfilm auf der Hautoberfl\u00e4che, verbessert die Elastizit\u00e4t und bewahrt die Geschmeidigkeit.<\/p>\n\n\n\n<p class=\"translation-block\">Im Laufe des Tages ist Ihre Epidermis UV-Strahlen und dem Blaulicht von Bildschirmen ausgesetzt. Eine t\u00e4gliche Pflege, die mit <strong>Squalen<\/strong> und <strong>Glycerin<\/strong> angereichert ist, st\u00e4rkt die nat\u00fcrliche Hautbarriere und hilft dabei, den ersten Anzeichen der Hautalterung vorzubeugen.<\/p>\n\n\n\n<p class=\"translation-block\">Morgens nach der Reinigung aufgetragen, h\u00e4lt eine Tagescreme die Haut geschmeidig und verleiht ihr ein angenehmes Gef\u00fchl. <strong>Inhaltsstoffe nat\u00fcrlichen Ursprungs<\/strong>, die aufgrund ihrer Anti-Pollution-Eigenschaften ausgew\u00e4hlt wurden, bilden einen unsichtbaren Schutzschild, der Ihr Gesicht vor den t\u00e4glichen Umwelteinfl\u00fcssen bewahrt.<\/p>\n<\/div>\n<\/div>\n\n\n\n<h2 class=\"wp-block-heading alignwide page-category__title\">Welche Tagescreme f\u00fcr welchen Hauttyp?<\/h2>\n\n\n\n<div class=\"wp-block-columns alignwide is-layout-flex wp-container-core-columns-is-layout-12 wp-block-columns-is-layout-flex\">\n<div class=\"wp-block-column is-layout-flow wp-block-column-is-layout-flow\">\n<p class=\"translation-block\"><strong>Mischhaut bis fettige Haut<\/strong> : Eine leichte, nicht komedogene Textur hilft dabei, das Mikrobiom der Haut ins Gleichgewicht zu bringen und die Talgproduktion \u00fcber den Tag hinweg zu regulieren. So wird Unreinheiten vorgebeugt, ohne die Epidermis auszutrocknen.<\/p>\n\n\n\n<p class=\"translation-block\"><strong>Trockene und empfindliche Haut<\/strong> : Eine reichhaltigere, sch\u00fctzende Textur bietet essenziellen Komfort. Formeln mit Squalen und Pflanzen\u00f6len stellen den geschw\u00e4chten Hydrolipidfilm wieder her und lindern Spannungsgef\u00fchle nach der morgendlichen Reinigung.<\/p>\n\n\n\n<p class=\"translation-block\"><strong>Normale Haut<\/strong> : Eine ausgewogene Textur bewahrt die nat\u00fcrliche Harmonie. Eine einfache Routine mit leichter Pflege gegen Hautunreinheiten hilft dabei, die Strahlkraft und den Schutz aufrechtzuerhalten.<\/p>\n\n\n\n<p class=\"translation-block\"><strong>Reife Haut<\/strong> : Gezielte Pflege mit Formeln, die reich an regenerierenden und r\u00fcckfettenden Wirkstoffen sind. Spezielle Tagescremes mit ASPRivoli\u00ae-Kollagenvorstufen stimulieren die nat\u00fcrliche Synthese von Strukturproteinen, um Dichte und Festigkeit wiederherzustellen.<\/p>\n<\/div>\n<\/div>\n\n\n\n<h2 class=\"wp-block-heading alignwide page-category__title\">Die Bedeutung von Anti-Aging-Wirkstoffen in einer Tagescreme<\/h2>\n\n\n\n<div class=\"wp-block-columns alignwide is-layout-flex wp-container-core-columns-is-layout-13 wp-block-columns-is-layout-flex\">\n<div class=\"wp-block-column is-layout-flow wp-block-column-is-layout-flow\">\n<p class=\"translation-block\"><strong>Die dermatologische Forschung<\/strong> zeigt, dass die nat\u00fcrliche Kollagenproduktion ab dem 25. Lebensjahr um etwa 1 % pro Jahr abnimmt. Anti-Aging-Wirkstoffe wie Retinol, Vitamin C und Peptide spielen eine fundamentale Rolle beim Erhalt des jugendlichen Kapitals der Haut.<\/p>\n\n\n\n<p class=\"translation-block\">Das <em>Journal of Investigative Dermatology<\/em> belegt, dass diese Wirkstoffe Fibroblasten stimulieren, um die nat\u00fcrliche Synthese von Kollagen und Elastin auszul\u00f6sen. Niacinamid st\u00e4rkt zudem die Hautbarriere.<\/p>\n\n\n\n<p>Eine kraftvolle Mischung aus Antioxidantien sch\u00fctzt die Haut vor freien Radikalen, die f\u00fcr die vorzeitige Hautalterung verantwortlich sind. Formeln der neuen Generation integrieren Multi-Aktiv-Komplexe, die synergetisch wirken, um sichtbare Ergebnisse bei Festigkeit und Ausstrahlung zu erzielen.<\/p>\n<\/div>\n<\/div>\n\n\n\n<h2 class=\"wp-block-heading alignwide page-category__title\">Cr\u00e8me de Jour Jeunesse N\u00b002<\/h2>\n\n\n\n<div class=\"wp-block-columns alignwide is-layout-flex wp-container-core-columns-is-layout-14 wp-block-columns-is-layout-flex\">\n<div class=\"wp-block-column is-layout-flow wp-block-column-is-layout-flow\">\n<p class=\"translation-block\">Die <a href=\"https:\/\/rivoli.ch\/de\/produkte\/le-visage-creme-de-jour-jeunesse-n02\/\" target=\"_self\">Cr\u00e8me de Jour Jeunesse N\u00b002<\/a> von RIVOLI setzt auf eine sorgf\u00e4ltig zusammengestellte Auswahl an Inhaltsstoffen,um bereits ab der ersten Anwendung Komfort, Geschmeidigkeit und Frische zu schenken. Ihre seidige Textur vereint pflegende Wirkstoffe wie Squalen, Glycerin und Sheabutter, um die Haut stundenlang mit Feuchtigkeit zu versorgen und sie nachhaltig zu beruhigen.<\/p>\n\n\n\n<p>Pflanzenextrakte aus Zitrone, Erdrauch (Fumaria) und Caesalpinia spinosa helfen dabei, die Haut vor \u00e4u\u00dferen Einfl\u00fcssen zu sch\u00fctzen. Gleichzeitig bilden Tamarinde und nat\u00fcrliche Zucker einen leichten Schutzschleier, der die Haut vor Umweltbelastungen (Anti-Pollution) abschirmt.<\/p>\n\n\n\n<p>Angereichert mit Vitaminvorstufen, Ceramiden und Extrakten aus Bio-Sonnensprossen, unterst\u00fctzt diese sanfte Formel die nat\u00fcrlichen Erneuerungsmechanismen der Haut. Tag f\u00fcr Tag tr\u00e4gt sie dazu bei, die Strahlkraft, Festigkeit und Vitalit\u00e4t Ihres Teints zu bewahren.<\/p>\n<\/div>\n<\/div>\n\n\n\n<div class=\"wp-block-columns alignwide is-layout-flex wp-container-core-columns-is-layout-15 wp-block-columns-is-layout-flex\">\n<div class=\"wp-block-column is-layout-flow wp-block-column-is-layout-flow\">\n<h3 class=\"wp-block-heading alignwide\"><strong><strong><strong>ASPRivoli\u00ae technology at the heart of our care<\/strong><\/strong><\/strong><\/h3>\n\n\n\n<p>Our patented ASPRivoli\u00ae technology represents a revolution in the approach to skin aging. Its biological precursors naturally stimulate collagen and elastin production at the fibroblast level.<\/p>\n\n\n\n<p>Clinical tests show a significant increase in skin firmness after 15 days of use. Skin regains its natural bounce thanks to targeted action on areas weakened by time.<\/p>\n\n\n\n<p>This unique technology combines a complex of essential amino acids with bioactive peptides. Copper \u2014 a key component \u2014 activates the enzymes responsible for functional collagen synthesis for optimal regeneration of the dermal matrix.<\/p>\n<\/div>\n<\/div>\n\n\n\n<h2 class=\"wp-block-heading alignwide page-category__title\">Weitere Produkte<\/h2>\n\n\n\n<div class=\"wp-block-columns alignwide is-layout-flex wp-container-core-columns-is-layout-16 wp-block-columns-is-layout-flex\">\n<div class=\"wp-block-column is-layout-flow wp-block-column-is-layout-flow\">\n<p>\u00a0F\u00fcr eine vollst\u00e4ndige Sch\u00f6nheitsroutine bietet RIVOLI eine umfassende Auswahl an Tagescremes, die jeweils auf spezifische Bed\u00fcrfnisse zugeschnitten sind:<\/p>\n\n\n\n<ul>\n<li class=\"translation-block\"><a href=\"https:\/\/rivoli.ch\/de\/produkte\/le-visage-emulsion-re-equilibrante\/\" target=\"_self\">Le Visage Re\u2011Balancing Emulsion<\/a>: soothing care that rebalances the skin\u2019s microbiota and reduces redness.<\/li>\n\n\n\n<li class=\"translation-block\"><a href=\"https:\/\/rivoli.ch\/de\/produkte\/le-visage-creme-nutrition-intense\/\" target=\"_self\">Le Visage Cr\u00e8me Nutrition Intense<\/a>: a rich formula that intensely nourishes dry, mature skin.<\/li>\n\n\n\n<li class=\"translation-block\"><a href=\"https:\/\/rivoli.ch\/de\/produkte\/le-privilege-base-traitante\/\" target=\"_self\">Le Privil\u00e8ge Base Traitante<\/a>: our multi\u2011tasking base that evens tone while protecting the skin.<\/li>\n\n\n\n<li class=\"translation-block\"><a href=\"https:\/\/rivoli.ch\/de\/produkte\/le-privilege-la-creme\/\" target=\"_self\">Le Privil\u00e8ge La Cr\u00e8me<\/a>: extra\u2011rich cream for mature skin with high\u2011performance actives for global anti\u2011aging action.<\/li>\n\n\n\n<li class=\"translation-block\"><a href=\"https:\/\/rivoli.ch\/de\/produkte\/le-decollete-lissant-raffermissant-n02\/\" target=\"_self\">Le D\u00e9collet\u00e9 Smoothing &amp; Firming N\u00b002<\/a>: specially formulated for the delicate d\u00e9collet\u00e9 area<\/li>\n\n\n\n<li class=\"translation-block\"><a href=\"https:\/\/rivoli.ch\/de\/produkte\/le-regard-2-0-traitement-ultra-correctif\/\" target=\"_self\">Le Regard 2.0 Traitement Ultra Correctif<\/a>: targets signs of fatigue around the eyes.<\/li>\n<\/ul>\n\n\n\n<p>\u00a0Jede Behandlung profitiert von der ASPRivoli\u00ae-Technologie und hochwirksamen Inhaltsstoffen, die in unserer ISO-zertifizierten Schweizer Manufaktur klinisch getestet wurden, um bereits ab der ersten Anwendung sichtbare Ergebnisse zu erzielen.<\/p>\n<\/div>\n<\/div>\n\n\n\n<figure data-no-zoom=\"true\" class=\"wp-block-image alignfull size-large\"><a href=\"https:\/\/rivoli.ch\/wp-content\/uploads\/2025\/07\/Creme-de-jour-RIVOLI.jpg\"><img loading=\"lazy\" decoding=\"async\" width=\"1024\" height=\"354\" src=\"https:\/\/rivoli.ch\/wp-content\/uploads\/2025\/07\/Creme-de-jour-RIVOLI-1024x354.webp\" alt=\"cre\u0300me de jour rivoli\" class=\"wp-image-3317\" srcset=\"https:\/\/rivoli.ch\/wp-content\/uploads\/2025\/07\/Creme-de-jour-RIVOLI-1024x354.webp 1024w, https:\/\/rivoli.ch\/wp-content\/uploads\/2025\/07\/Creme-de-jour-RIVOLI-300x104.webp 300w, https:\/\/rivoli.ch\/wp-content\/uploads\/2025\/07\/Creme-de-jour-RIVOLI-768x266.webp 768w, https:\/\/rivoli.ch\/wp-content\/uploads\/2025\/07\/Creme-de-jour-RIVOLI-18x6.webp 18w, https:\/\/rivoli.ch\/wp-content\/uploads\/2025\/07\/Creme-de-jour-RIVOLI-600x208.webp 600w, https:\/\/rivoli.ch\/wp-content\/uploads\/2025\/07\/Creme-de-jour-RIVOLI.jpg 1300w\" sizes=\"(max-width: 1024px) 100vw, 1024px\" \/><\/a><\/figure>\n\n\n\n<div class=\"wp-block-columns alignwide is-layout-flex wp-container-core-columns-is-layout-17 wp-block-columns-is-layout-flex\">\n<div class=\"wp-block-column is-content-justification-center is-layout-constrained wp-block-column-is-layout-constrained\">\n<h2 class=\"wp-block-heading\">Alles \u00fcber Tagescremes<\/h2>\n\n\n<\/div>\n<\/div>","protected":false},"excerpt":{"rendered":"<p>Cr\u00e8me de jour La cr\u00e8me de jour repr\u00e9sente le geste beaut\u00e9 essentiel pour pr\u00e9server l&rsquo;\u00e9clat et la jeunesse de votre peau. V\u00e9ritable bouclier protecteur, elle apporte l&rsquo;hydratation n\u00e9cessaire tout en cr\u00e9ant une barri\u00e8re efficace contre les agressions quotidiennes : pollution, stress, variations de temp\u00e9rature. D\u00e9couvrez notre s\u00e9lection de cr\u00e8mes de jour, formul\u00e9es pour r\u00e9pondre aux [&hellip;]<\/p>","protected":false},"author":11849,"featured_media":394,"parent":0,"menu_order":0,"comment_status":"closed","ping_status":"closed","template":"","meta":{"_seopress_robots_primary_cat":"","_seopress_titles_title":"Les cr\u00e8mes de jour : l'essentiel pour une peau rayonnante au quotidien","_seopress_titles_desc":"Optimisez votre routine avec notre cr\u00e8me de jour Rivoli Gen\u00e8ve, hydratante et anti-\u00e2ge, pour une peau \u00e9clatante et prot\u00e9g\u00e9e toute la journ\u00e9e.","_seopress_robots_index":"","footnotes":""},"acf":[],"_links":{"self":[{"href":"https:\/\/rivoli.ch\/de\/wp-json\/wp\/v2\/pages\/3312"}],"collection":[{"href":"https:\/\/rivoli.ch\/de\/wp-json\/wp\/v2\/pages"}],"about":[{"href":"https:\/\/rivoli.ch\/de\/wp-json\/wp\/v2\/types\/page"}],"author":[{"embeddable":true,"href":"https:\/\/rivoli.ch\/de\/wp-json\/wp\/v2\/users\/11849"}],"replies":[{"embeddable":true,"href":"https:\/\/rivoli.ch\/de\/wp-json\/wp\/v2\/comments?post=3312"}],"version-history":[{"count":20,"href":"https:\/\/rivoli.ch\/de\/wp-json\/wp\/v2\/pages\/3312\/revisions"}],"predecessor-version":[{"id":4256,"href":"https:\/\/rivoli.ch\/de\/wp-json\/wp\/v2\/pages\/3312\/revisions\/4256"}],"wp:featuredmedia":[{"embeddable":true,"href":"https:\/\/rivoli.ch\/de\/wp-json\/wp\/v2\/media\/394"}],"wp:attachment":[{"href":"https:\/\/rivoli.ch\/de\/wp-json\/wp\/v2\/media?parent=3312"}],"curies":[{"name":"wp","href":"https:\/\/api.w.org\/{rel}","templated":true}]}}