{"id":3004,"date":"2025-08-01T11:42:02","date_gmt":"2025-08-01T09:42:02","guid":{"rendered":"https:\/\/rivoli.ch\/?page_id=3004"},"modified":"2025-10-24T09:09:38","modified_gmt":"2025-10-24T07:09:38","slug":"gesichtscreme","status":"publish","type":"page","link":"https:\/\/rivoli.ch\/de\/gesichtscreme\/","title":{"rendered":"Cr\u00e8me pour le visage"},"content":{"rendered":"<h1 class=\"wp-block-heading alignwide has-text-align-left page-category__title translation-block\">Gesichtspflege<\/h1>\n\n\n\n<div class=\"wp-block-media-text alignwide is-stacked-on-mobile\"><figure class=\"wp-block-media-text__media\" data-no-zoom=\"true\"><img loading=\"lazy\" decoding=\"async\" width=\"600\" height=\"300\" src=\"https:\/\/rivoli.ch\/wp-content\/uploads\/2025\/08\/soins-pour-le-visage-rivoli.jpg\" alt=\"soins pour le visage rivoli\" class=\"wp-image-3382 size-full\" srcset=\"https:\/\/rivoli.ch\/wp-content\/uploads\/2025\/08\/soins-pour-le-visage-rivoli.jpg 600w, https:\/\/rivoli.ch\/wp-content\/uploads\/2025\/08\/soins-pour-le-visage-rivoli-300x150.webp 300w, https:\/\/rivoli.ch\/wp-content\/uploads\/2025\/08\/soins-pour-le-visage-rivoli-18x9.webp 18w\" sizes=\"(max-width: 600px) 100vw, 600px\" \/><\/figure><div class=\"wp-block-media-text__content\">\n<p class=\"translation-block\">Feuchtigkeitsversorgung, Schutz und Pflege sind essenzielle Schritte, um die Ausstrahlung und Jugendlichkeit Ihrer Haut zu bewahren. Bei <strong>Rivoli Gen\u00e8ve<\/strong> haben wir ein Sortiment an Gesichtscremes entwickelt, das die Bed\u00fcrfnisse jedes Hauttyps erf\u00fcllt, indem es wissenschaftliche Expertise mit au\u00dfergew\u00f6hnlichen Inhaltsstoffen kombiniert. Unsere veganen und umweltverantwortlichen Formeln respektieren Ihre Haut und maximieren gleichzeitig die Wirksamkeit.<\/p>\n<\/div><\/div>\n\n\n\n<h2 class=\"wp-block-heading alignwide page-category__title translation-block\">Top\u2011Produkte<\/h2>\n\n\n\n<div class=\"wp-block-columns is-layout-flex wp-container-core-columns-is-layout-5 wp-block-columns-is-layout-flex\">\n<div class=\"wp-block-column is-layout-flow wp-block-column-is-layout-flow\"><div data-block-name=\"woocommerce\/single-product\" data-product-id=\"353\" class=\"wp-block-woocommerce-single-product\">\n<div class=\"wp-block-columns is-layout-flex wp-container-core-columns-is-layout-1 wp-block-columns-is-layout-flex\">\n<div class=\"wp-block-column is-layout-flow wp-block-column-is-layout-flow\"><div data-block-name=\"woocommerce\/product-image\" data-show-sale-badge=\"false\" data-is-descendent-of-single-product-block=\"true\" class=\"wc-block-components-product-image wc-block-grid__product-image\" style=\"\">\n\t\t\t\t\t<a href=\"https:\/\/rivoli.ch\/de\/produkte\/le-privilege-la-creme\/\" style=\"\"> <img loading=\"lazy\" decoding=\"async\" width=\"600\" height=\"600\" src=\"https:\/\/rivoli.ch\/wp-content\/uploads\/2024\/04\/RIV_La-Creme-50ml-pack-ECOM-IMAGES_1040X1040_WHITE__21-600x600.webp\" class=\"attachment-woocommerce_single size-woocommerce_single\" alt=\"Le Privil\u00e8ge La Cr\u00e8me\" data-testid=\"product-image\" style=\"max-width:none;object-fit:cover;\" srcset=\"https:\/\/rivoli.ch\/wp-content\/uploads\/2024\/04\/RIV_La-Creme-50ml-pack-ECOM-IMAGES_1040X1040_WHITE__21-600x600.webp 600w, https:\/\/rivoli.ch\/wp-content\/uploads\/2024\/04\/RIV_La-Creme-50ml-pack-ECOM-IMAGES_1040X1040_WHITE__21-300x300.webp 300w, https:\/\/rivoli.ch\/wp-content\/uploads\/2024\/04\/RIV_La-Creme-50ml-pack-ECOM-IMAGES_1040X1040_WHITE__21-1024x1024.webp 1024w, https:\/\/rivoli.ch\/wp-content\/uploads\/2024\/04\/RIV_La-Creme-50ml-pack-ECOM-IMAGES_1040X1040_WHITE__21-150x150.webp 150w, https:\/\/rivoli.ch\/wp-content\/uploads\/2024\/04\/RIV_La-Creme-50ml-pack-ECOM-IMAGES_1040X1040_WHITE__21-768x768.webp 768w, https:\/\/rivoli.ch\/wp-content\/uploads\/2024\/04\/RIV_La-Creme-50ml-pack-ECOM-IMAGES_1040X1040_WHITE__21-12x12.webp 12w, https:\/\/rivoli.ch\/wp-content\/uploads\/2024\/04\/RIV_La-Creme-50ml-pack-ECOM-IMAGES_1040X1040_WHITE__21.jpg 1040w\" sizes=\"(max-width: 600px) 100vw, 600px\" \/><\/a>\n\t\t\t\t<\/div>\n\n<h3 class=\"has-text-align-center wp-block-post-title\"><a href=\"https:\/\/rivoli.ch\/de\/produkte\/le-privilege-la-creme\/\" target=\"_self\" >Le Privil\u00e8ge La Cr\u00e8me<\/a><\/h3>\n\n<div data-block-name=\"woocommerce\/product-price\" data-text-align=\"center\" data-is-descendent-of-single-product-block=\"true\" class=\"wp-block-woocommerce-product-price\"><div class=\"wc-block-components-product-price wc-block-grid__product-price has-text-align-center has-text-align-center\" style=\"\">\n\t\t\t\t\t<span class=\"woocs_price_code\" data-currency=\"\" data-redraw-id=\"69f17c1ebff7f\"  data-product-id=\"353\"><span class=\"woocommerce-Price-amount amount\"><bdi><span class=\"woocommerce-Price-currencySymbol\">&#67;&#72;&#70;<\/span>&nbsp;375.\u2013<\/bdi><\/span><\/span>\n\t\t\t\t<\/div><\/div><\/div>\n<\/div>\n<\/div><\/div>\n\n\n\n<div class=\"wp-block-column is-layout-flow wp-block-column-is-layout-flow\"><div data-block-name=\"woocommerce\/single-product\" data-product-id=\"410\" class=\"wp-block-woocommerce-single-product\">\n<div class=\"wp-block-columns is-layout-flex wp-container-core-columns-is-layout-2 wp-block-columns-is-layout-flex\">\n<div class=\"wp-block-column is-layout-flow wp-block-column-is-layout-flow\"><div data-block-name=\"woocommerce\/product-image\" data-show-sale-badge=\"false\" data-is-descendent-of-single-product-block=\"true\" class=\"wc-block-components-product-image wc-block-grid__product-image\" style=\"\">\n\t\t\t\t\t<a href=\"https:\/\/rivoli.ch\/de\/produkte\/le-visage-creme-nutrition-intense\/\" style=\"\"> <img loading=\"lazy\" decoding=\"async\" width=\"600\" height=\"600\" src=\"https:\/\/rivoli.ch\/wp-content\/uploads\/2024\/04\/RIV_LV-Creme-Nutrition-IntenseECOM-IMAGES_1040X1040_WHITE_22-600x600.webp\" class=\"attachment-woocommerce_single size-woocommerce_single\" alt=\"Le Visage Cr\u00e8me Nutrition Intense\" data-testid=\"product-image\" style=\"max-width:none;object-fit:cover;\" srcset=\"https:\/\/rivoli.ch\/wp-content\/uploads\/2024\/04\/RIV_LV-Creme-Nutrition-IntenseECOM-IMAGES_1040X1040_WHITE_22-600x600.webp 600w, https:\/\/rivoli.ch\/wp-content\/uploads\/2024\/04\/RIV_LV-Creme-Nutrition-IntenseECOM-IMAGES_1040X1040_WHITE_22-300x300.webp 300w, https:\/\/rivoli.ch\/wp-content\/uploads\/2024\/04\/RIV_LV-Creme-Nutrition-IntenseECOM-IMAGES_1040X1040_WHITE_22-1024x1024.webp 1024w, https:\/\/rivoli.ch\/wp-content\/uploads\/2024\/04\/RIV_LV-Creme-Nutrition-IntenseECOM-IMAGES_1040X1040_WHITE_22-150x150.webp 150w, https:\/\/rivoli.ch\/wp-content\/uploads\/2024\/04\/RIV_LV-Creme-Nutrition-IntenseECOM-IMAGES_1040X1040_WHITE_22-768x768.webp 768w, https:\/\/rivoli.ch\/wp-content\/uploads\/2024\/04\/RIV_LV-Creme-Nutrition-IntenseECOM-IMAGES_1040X1040_WHITE_22-12x12.webp 12w, https:\/\/rivoli.ch\/wp-content\/uploads\/2024\/04\/RIV_LV-Creme-Nutrition-IntenseECOM-IMAGES_1040X1040_WHITE_22.jpg 1040w\" sizes=\"(max-width: 600px) 100vw, 600px\" \/><\/a>\n\t\t\t\t<\/div>\n\n<h3 class=\"has-text-align-center wp-block-post-title\"><a href=\"https:\/\/rivoli.ch\/de\/produkte\/le-visage-creme-nutrition-intense\/\" target=\"_self\" >Le Visage Cr\u00e8me Nutrition Intense<\/a><\/h3>\n\n<div data-block-name=\"woocommerce\/product-price\" data-text-align=\"center\" data-is-descendent-of-single-product-block=\"true\" class=\"wp-block-woocommerce-product-price\"><div class=\"wc-block-components-product-price wc-block-grid__product-price has-text-align-center has-text-align-center\" style=\"\">\n\t\t\t\t\t<span class=\"woocs_price_code\" data-currency=\"\" data-redraw-id=\"69f17c1ecc866\"  data-product-id=\"410\"><span class=\"woocommerce-Price-amount amount\"><bdi><span class=\"woocommerce-Price-currencySymbol\">&#67;&#72;&#70;<\/span>&nbsp;205.\u2013<\/bdi><\/span><\/span>\n\t\t\t\t<\/div><\/div><\/div>\n<\/div>\n<\/div><\/div>\n\n\n\n<div class=\"wp-block-column is-layout-flow wp-block-column-is-layout-flow\"><div data-block-name=\"woocommerce\/single-product\" data-product-id=\"361\" class=\"wp-block-woocommerce-single-product\">\n<div class=\"wp-block-columns is-layout-flex wp-container-core-columns-is-layout-4 wp-block-columns-is-layout-flex\">\n<div class=\"wp-block-column is-layout-flow wp-block-column-is-layout-flow\"><div data-block-name=\"woocommerce\/single-product\" data-product-id=\"3480\" class=\"wp-block-woocommerce-single-product\">\n<div class=\"wp-block-columns is-layout-flex wp-container-core-columns-is-layout-3 wp-block-columns-is-layout-flex\">\n<div class=\"wp-block-column is-layout-flow wp-block-column-is-layout-flow\"><div data-block-name=\"woocommerce\/product-image\" data-show-sale-badge=\"false\" data-is-descendent-of-single-product-block=\"true\" class=\"wc-block-components-product-image wc-block-grid__product-image\" style=\"\">\n\t\t\t\t\t<a href=\"https:\/\/rivoli.ch\/de\/produkte\/le-visage-emulsion-re-equilibrante-n02\/\" style=\"\"> <img loading=\"lazy\" decoding=\"async\" width=\"600\" height=\"600\" src=\"https:\/\/rivoli.ch\/wp-content\/uploads\/2025\/09\/RIV_EMU-02_50MLBottle_1040X1040-600x600.webp\" class=\"attachment-woocommerce_single size-woocommerce_single\" alt=\"Le Visage \u00c9mulsion R\u00e9-\u00e9quilibrante N\u00b002\" data-testid=\"product-image\" style=\"max-width:none;object-fit:cover;\" srcset=\"https:\/\/rivoli.ch\/wp-content\/uploads\/2025\/09\/RIV_EMU-02_50MLBottle_1040X1040-600x600.webp 600w, https:\/\/rivoli.ch\/wp-content\/uploads\/2025\/09\/RIV_EMU-02_50MLBottle_1040X1040-300x300.webp 300w, https:\/\/rivoli.ch\/wp-content\/uploads\/2025\/09\/RIV_EMU-02_50MLBottle_1040X1040-1024x1024.webp 1024w, https:\/\/rivoli.ch\/wp-content\/uploads\/2025\/09\/RIV_EMU-02_50MLBottle_1040X1040-150x150.webp 150w, https:\/\/rivoli.ch\/wp-content\/uploads\/2025\/09\/RIV_EMU-02_50MLBottle_1040X1040-768x768.webp 768w, https:\/\/rivoli.ch\/wp-content\/uploads\/2025\/09\/RIV_EMU-02_50MLBottle_1040X1040-12x12.webp 12w, https:\/\/rivoli.ch\/wp-content\/uploads\/2025\/09\/RIV_EMU-02_50MLBottle_1040X1040.jpg 1040w\" sizes=\"(max-width: 600px) 100vw, 600px\" \/><\/a>\n\t\t\t\t<\/div>\n\n<h3 class=\"has-text-align-center wp-block-post-title\"><a href=\"https:\/\/rivoli.ch\/de\/produkte\/le-visage-emulsion-re-equilibrante-n02\/\" target=\"_self\" >Le Visage \u00c9mulsion R\u00e9-\u00e9quilibrante N\u00b002<\/a><\/h3>\n\n<div data-block-name=\"woocommerce\/product-price\" data-text-align=\"center\" data-is-descendent-of-single-product-block=\"true\" class=\"wp-block-woocommerce-product-price\"><div class=\"wc-block-components-product-price wc-block-grid__product-price has-text-align-center has-text-align-center\" style=\"\">\n\t\t\t\t\t<span class=\"woocs_price_code\" data-currency=\"\" data-redraw-id=\"69f17c1ed5553\"  data-product-id=\"3480\"><span class=\"woocommerce-Price-amount amount\"><bdi><span class=\"woocommerce-Price-currencySymbol\">&#67;&#72;&#70;<\/span>&nbsp;110.\u2013<\/bdi><\/span><\/span>\n\t\t\t\t<\/div><\/div><\/div>\n<\/div>\n<\/div><\/div>\n<\/div>\n<\/div><\/div>\n<\/div>\n\n\n\n<h2 class=\"wp-block-heading alignwide has-text-align-left page-category__title\">Vorteile einer gut gew\u00e4hlten Gesichtscreme<\/h2>\n\n\n\n<div class=\"wp-block-columns alignwide page-category__col2 is-layout-flex wp-container-core-columns-is-layout-6 wp-block-columns-is-layout-flex\">\n<div class=\"wp-block-column is-layout-flow wp-block-column-is-layout-flow\">\n<p class=\"translation-block\">Eine t\u00e4gliche Creme ist unerl\u00e4sslich, um eine gesunde Haut und ihre nat\u00fcrliche Strahlkraft zu bewahren. Eine hochwertige Creme wirkt in der Tiefe, um die Haut zu <strong>hydratisieren und zu n\u00e4hren<\/strong>. Sie liefert die essenziellen N\u00e4hrstoffe, die die Haut ben\u00f6tigt, um geschmeidig und widerstandsf\u00e4hig gegen \u00e4u\u00dfere Einfl\u00fcsse zu bleiben. Durch die Aufrechterhaltung einer optimalen <strong>Hydratation<\/strong> bewahrt sie die <strong>Elastizit\u00e4t<\/strong> und beugt Spannungsgef\u00fchlen vor.<\/p>\n\n\n\n<p class=\"translation-block\">\u00dcber die Feuchtigkeitspflege hinaus bildet eine Gesichtscreme einen <strong>Schutzschild gegen Umweltverschmutzung<\/strong>, K\u00e4lte und UV-Strahlen \u2013 Faktoren, die die Hautbarriere st\u00f6ren und die Alterung beschleunigen k\u00f6nnen.<\/p>\n\n\n\n<p class=\"translation-block\">Ein weiterer entscheidender Vorteil ist die <strong>Pr\u00e4vention der Hautalterung<\/strong>. Mit der Zeit nimmt der Gehalt an Kollagen und Hyalurons\u00e4ure ab, was zu Linien und Falten f\u00fchrt. Eine mit Hochleistungswirkstoffen angereicherte Creme stimuliert die Zellerneuerung, festigt die Haut und reduziert sichtbare Alterserscheinungen.<\/p>\n\n\n\n<p class=\"translation-block\">Empfindliche oder zu R\u00f6tungen neigende Haut profitiert zudem von <strong>beruhigenden, reparierenden Formeln<\/strong>, die die Resilienz st\u00e4rken und einen ebenm\u00e4\u00dfigeren Teint f\u00f6rdern.<\/p>\n<\/div>\n<\/div>\n\n\n\n<h2 class=\"wp-block-heading alignwide page-category__title\">Unsere Cremes: Schweizer Innovation im Dienste Ihrer Haut<\/h2>\n\n\n\n<div class=\"wp-block-columns alignwide is-layout-flex wp-container-core-columns-is-layout-7 wp-block-columns-is-layout-flex\">\n<div class=\"wp-block-column is-layout-flow wp-block-column-is-layout-flow\">\n<h3 class=\"wp-block-heading alignwide\"><strong><strong><strong>Warum eine Feuchtigkeitspflege von Rivoli w\u00e4hlen<\/strong><\/strong><\/strong> ?<\/h3>\n\n\n\n<ul>\n<li class=\"translation-block\"><strong>Vegane, umweltverantwortliche Formeln<\/strong> : Zertifiziert durch vertrauensw\u00fcrdige Siegel \u2013 vollst\u00e4ndig ohne Inhaltsstoffe tierischen Ursprungs. <strong>Engagement f\u00fcr Innovation &amp; Nachhaltigkeit<\/strong> : \u00d6kologisch gestaltete, recycelbare Verpackungen.<\/li>\n\n\n\n<li class=\"translation-block\"><strong>Hochleistungswirkstoffe<\/strong> : Sorgf\u00e4ltig ausgew\u00e4hlt nach ihrer nachgewiesenen Wirksamkeit und ihrem nat\u00fcrlichen Ursprung.<\/li>\n\n\n\n<li class=\"translation-block\"><strong>Klinisch getestet<\/strong> : Von unabh\u00e4ngigen Laboren gepr\u00fcft f\u00fcr sichtbare und nachhaltige Ergebnisse.<\/li>\n\n\n\n<li class=\"translation-block\"><strong>100 % Swiss Made<\/strong> : Produktion in unserer ISO-zertifizierten Anlage im Emmental \u2013 eine Garantie f\u00fcr Qualit\u00e4t und Schweizer Know-how.<\/li>\n<\/ul>\n<\/div>\n<\/div>\n\n\n\n<h2 class=\"wp-block-heading alignwide page-category__title\">So w\u00e4hlen Sie Ihre ideale Gesichtscreme<\/h2>\n\n\n\n<div class=\"wp-block-columns alignwide page-category__col2 is-layout-flex wp-container-core-columns-is-layout-8 wp-block-columns-is-layout-flex\">\n<div class=\"wp-block-column is-layout-flow wp-block-column-is-layout-flow\">\n<p class=\"translation-block\">Hauttyp: Trockene Haut ben\u00f6tigt <strong>reichhaltige Texturen<\/strong> mit n\u00e4hrenden Inhaltsstoffen wie Sheabutter. Mischhaut profitiert von <strong>leichten, nicht komedogenen Formeln<\/strong> \u2013 eventuell mit Salicyls\u00e4ure \u2013 um \u00fcbersch\u00fcssigen Talg zu regulieren.<\/p>\n\n\n\n<p class=\"translation-block\">Alter: Ab 40 Jahren sollten Sie auf <strong>Anti-Aging-Pflege setzen<\/strong>, die mit ASPRivoli\u00ae-Kollagenvorstufenangereichert ist. Diese stimulieren die Erneuerung der Keratinozyten und begrenzen den transepidermalen Wasserverlust.<\/p>\n\n\n\n<p class=\"translation-block\">Lebensstil: Eine leichte Tagescreme kombiniert mit einer reichhaltigeren <strong><a href=\"https:\/\/rivoli.ch\/de\/nachtcreme\/\" data-type=\"page\" data-id=\"3320\" target=\"_self\">Nachtpflege<\/a><\/strong> bietet die Komplettl\u00f6sung f\u00fcr einen aktiven Alltag. W\u00e4hlen Sie f\u00fcr die Augenpartie eine spezielle, auf diesen empfindlichen Bereich abgestimmte Formel.<\/p>\n\n\n\n<h3 class=\"wp-block-heading alignwide\"><strong><strong><strong><strong>Anwendungstipps f\u00fcr maximale Ergebnisse<\/strong><\/strong><\/strong><\/strong><\/h3>\n\n\n\n<p class=\"translation-block\">F\u00fcr eine optimale Aufnahme beginnen Sie mit einer sanften <a href=\"https:\/\/rivoli.ch\/de\/produkte\/le-demaquillant-gel-nettoyant\/\" target=\"_self\">Reinigung<\/a>. Massieren Sie das Gesicht mit kreisenden Aufw\u00e4rtsbewegungen.<\/p>\n\n\n\n<p class=\"translation-block\">Erw\u00e4rmen Sie eine kleine Menge der Creme zwischen den H\u00e4nden und dr\u00fccken Sie diese mit leichtem Einklopfen von der Mitte nach au\u00dfen ein, einschlie\u00dflich des Halses.<\/p>\n<\/div>\n<\/div>\n\n\n\n<h2 class=\"wp-block-heading alignwide page-category__title\">Unsere Gesichtscremes<\/h2>\n\n\n\n<div class=\"wp-block-columns alignwide is-layout-flex wp-container-core-columns-is-layout-9 wp-block-columns-is-layout-flex\">\n<div class=\"wp-block-column is-layout-flow wp-block-column-is-layout-flow\">\n<p class=\"translation-block\"><strong>La Cr\u00e8me<\/strong>: Unsere Hochleistungs-Anti-Aging-Pflege modelliert die Gesichtskonturen und festigt die Haut intensiv. Angereichert mit Granatapfel- und Aprikosen\u00f6l, Squalen und Sheabutter, baut sie die Hautbarriere wieder auf.<\/p>\n\n\n\n<p class=\"translation-block\"><strong>Cr\u00e8me Nutrition Intense<\/strong>: Vitalisiert trockene, strapazierte Haut und f\u00f6rdert Geschmeidigkeit sowie Festigkeit.Hyalurons\u00e4ure-Vorstufen und ein einzigartiges Peptid gl\u00e4tten feine Linien. Nach 2 Monaten ist die Faltentiefe um 20 % reduziert, w\u00e4hrend Festigkeit (+12 %) und Feuchtigkeit (+27 %) deutlich zunehmen.<\/p>\n\n\n\n<p class=\"translation-block\"><strong>Re-Balancing Emulsion N\u00b002<\/strong>: Beruhigt und bringt empfindliche Haut wieder ins Gleichgewicht, dank einer Formel, die gezielt Ungleichgewichte des Mikrobioms korrigiert.<\/p>\n<\/div>\n<\/div>\n\n\n\n<figure data-no-zoom=\"true\" class=\"wp-block-image alignfull size-large\"><a href=\"https:\/\/rivoli.ch\/wp-content\/uploads\/2025\/08\/creme-pour-le-visage.jpg\"><img loading=\"lazy\" decoding=\"async\" width=\"1024\" height=\"354\" src=\"https:\/\/rivoli.ch\/wp-content\/uploads\/2025\/08\/creme-pour-le-visage-1024x354.webp\" alt=\"creme pour le visage\" class=\"wp-image-3381\" srcset=\"https:\/\/rivoli.ch\/wp-content\/uploads\/2025\/08\/creme-pour-le-visage-1024x354.webp 1024w, https:\/\/rivoli.ch\/wp-content\/uploads\/2025\/08\/creme-pour-le-visage-300x104.webp 300w, https:\/\/rivoli.ch\/wp-content\/uploads\/2025\/08\/creme-pour-le-visage-768x266.webp 768w, https:\/\/rivoli.ch\/wp-content\/uploads\/2025\/08\/creme-pour-le-visage-18x6.webp 18w, https:\/\/rivoli.ch\/wp-content\/uploads\/2025\/08\/creme-pour-le-visage-600x208.webp 600w, https:\/\/rivoli.ch\/wp-content\/uploads\/2025\/08\/creme-pour-le-visage.jpg 1300w\" sizes=\"(max-width: 1024px) 100vw, 1024px\" \/><\/a><\/figure>\n\n\n\n<div class=\"wp-block-columns alignwide is-layout-flex wp-container-core-columns-is-layout-10 wp-block-columns-is-layout-flex\">\n<div class=\"wp-block-column is-layout-flow wp-block-column-is-layout-flow\" style=\"flex-basis:100%\">\n<h2 class=\"wp-block-heading page-category__title\">Alles \u00fcber Gesichtscremes<\/h2>\n\n\n\n<div class=\"wp-block-group alignwide is-content-justification-center is-layout-constrained wp-block-group-is-layout-constrained\">\n<div class=\"wp-block-group is-layout-constrained wp-block-group-is-layout-constrained\"><\/div>\n<\/div>\n<\/div>\n<\/div>","protected":false},"excerpt":{"rendered":"<p>Cr\u00e8me pour le visage Hydrater, prot\u00e9ger et nourrir votre peau sont des gestes essentiels pour pr\u00e9server son \u00e9clat et sa jeunesse. Chez Rivoli Gen\u00e8ve, nous avons d\u00e9velopp\u00e9 une gamme de cr\u00e8mes pour le visage qui r\u00e9pond aux besoins de chaque type de peau, en combinant expertise scientifique et ingr\u00e9dients d&rsquo;exception. Nos formules v\u00e9ganes et \u00e9coresponsables [&hellip;]<\/p>","protected":false},"author":11849,"featured_media":3382,"parent":0,"menu_order":0,"comment_status":"closed","ping_status":"closed","template":"","meta":{"_seopress_robots_primary_cat":"","_seopress_titles_title":"Cr\u00e8me pour le visage : beaut\u00e9 intelligente et efficace","_seopress_titles_desc":"Revitalisez votre peau avec notre cr\u00e8me pour le visage, id\u00e9ale pour hydrater intens\u00e9ment et nourrir en profondeur tous les types de peau.","_seopress_robots_index":"","footnotes":""},"acf":[],"_links":{"self":[{"href":"https:\/\/rivoli.ch\/de\/wp-json\/wp\/v2\/pages\/3004"}],"collection":[{"href":"https:\/\/rivoli.ch\/de\/wp-json\/wp\/v2\/pages"}],"about":[{"href":"https:\/\/rivoli.ch\/de\/wp-json\/wp\/v2\/types\/page"}],"author":[{"embeddable":true,"href":"https:\/\/rivoli.ch\/de\/wp-json\/wp\/v2\/users\/11849"}],"replies":[{"embeddable":true,"href":"https:\/\/rivoli.ch\/de\/wp-json\/wp\/v2\/comments?post=3004"}],"version-history":[{"count":44,"href":"https:\/\/rivoli.ch\/de\/wp-json\/wp\/v2\/pages\/3004\/revisions"}],"predecessor-version":[{"id":4040,"href":"https:\/\/rivoli.ch\/de\/wp-json\/wp\/v2\/pages\/3004\/revisions\/4040"}],"wp:featuredmedia":[{"embeddable":true,"href":"https:\/\/rivoli.ch\/de\/wp-json\/wp\/v2\/media\/3382"}],"wp:attachment":[{"href":"https:\/\/rivoli.ch\/de\/wp-json\/wp\/v2\/media?parent=3004"}],"curies":[{"name":"wp","href":"https:\/\/api.w.org\/{rel}","templated":true}]}}